{"id":4066,"date":"2022-08-23T16:21:20","date_gmt":"2022-08-23T14:21:20","guid":{"rendered":"https:\/\/www.vaia.eu\/home\/"},"modified":"2025-11-11T11:07:48","modified_gmt":"2025-11-11T10:07:48","slug":"home","status":"publish","type":"page","link":"https:\/\/www.vaia.eu\/de\/home\/","title":{"rendered":"Home"},"content":{"rendered":"\n<div class=\"banner-spacer\">&nbsp;<\/div>\n<div class=\"main-banner\" style=\"background-image:url(https:\/\/www.vaia.eu\/wp-content\/uploads\/2025\/09\/HP-settembre_Mobile.jpg); background-size:cover; background-position: center;\">\n\t<div class=\"main-banner__container\">\n\t\t<div class=\"row-area\"><\/div>\n\t<\/div>\n<\/div>\n\n<div class=\"main-banner-deskt\" style=\"background-image:url(https:\/\/www.vaia.eu\/wp-content\/uploads\/2025\/09\/HP-settembre_Desktop2.jpg); background-size:100% 100%;\">\n\t<div class=\"main-banner__container\">\n\t\t<div class=\"row-area\"><\/div>\n\t<\/div>\n<\/div>\n\n\n\n<div class=\"title-subtitle-cta-band  bgcolor-transparent \">\n    <div class=\"component-container\">\n        <div class=\" display-block \">\n        \n            \n        <\/div>\n\n\n        \n        <div class=\"grid-subtitle\">\n        \n\n                        <span class=\"separator  separator-color-yellow \">\/\/<\/span>\n            \n                    <div class=\"subtitle  subtitlesize-large  subtitlecolor-darkgreen \"><p>Wir glauben, dass jeder von uns etwas in der Welt bewirken kann, aber wenn wir es gemeinsam tun, macht es einen Unterschied. Die VAIA-Gemeinschaft ist ein Ort, an dem wir uns in unserer Vielfalt gemeinsam dem stellen, was wichtig ist. Face what matters.<\/p>\n<\/div>\n            \n            \n            <\/div>\n                \n                    <a class=\"button  button-secondary \"\n                                    href=\"https:\/\/www.vaia.eu\/de\/wer-wir-sind\/\"\n                                   title=\"\u00dcBER UNS\">\u00dcBER UNS<\/a>\n        \n    <\/div>\n<\/div>\n\n\n<div class=\"video-area-home\"  style=\"background:url(https:\/\/www.vaia.eu\/wp-content\/uploads\/2023\/11\/anteprima-video-homapage-light.jpeg) no-repeat left center; background-size:cover;\" >\n    <div class=\"video-container\">\n                    <span class=\"video-title video-title-color-lightyellow\">VAIA war unser Ruf<\/span>\n            \n        \n            <a href=\"https:\/\/www.youtube.com\/watch?v=F07Mk_N967U\" class=\"button swipebox  button-secondary \" data-rel=\"lightbox-image-0\" title=\"PLAY VIDEO\">\n                PLAY VIDEO            <\/a>\n\n                <\/div>\n\n<\/div>\n\n\n\n<div class=\"title-subtitle-cta-band  bgcolor-transparent \">\n    <div class=\"component-container\">\n        <div class=\" display-block \">\n                        <span class=\"title-1  titlesize-medium  titlecolor-darkgreen \">Unsere Projekte<\/span>\n                \n            \n        <\/div>\n\n\n        \n\n            \n        \n            \n        \n    <\/div>\n<\/div>\n\n\n<div class=\"vaia__filter__system \"><div class=\"vaia__filter__system__content \"><article>\n                        <a class=\"project-single-title\" href=\"https:\/\/www.vaia.eu\/de\/project\/bostrico\/\" title=\"Bostrico\">Bostrico<\/a>\n\n                       <div class=\"content-grid-articles\">\n                            <div class=\"box-img\">\n                                <a class=\"project-single-image\" href=\"https:\/\/www.vaia.eu\/de\/project\/bostrico\/\" title=\"Bostrico\">\n                                    <img data-flickity-lazyload=\"https:\/\/www.vaia.eu\/wp-content\/uploads\/2024\/11\/VAIA-Progetto-Bostrico-VAIA-People-2.jpg\" class=\"skip-lazy\" alt=\"slider image\" width=\"400\" height=\"600\" \/>\n                                <\/a>\n                            <\/div>\n                            <div class=\"box-info-txt\">\n                                <div class=\"project-single-excerpt\">\n                                    Die schwere Borkenk\u00e4ferepidemie bef\u00e4llt und zerst\u00f6rt die W\u00e4lder der Dolomiten.\n                                <\/div>\n\n                                <a class=\"button button-secondary project-single-button\" href=\"https:\/\/www.vaia.eu\/de\/project\/bostrico\/\" title=\"Bostrico\">DISCOVER MORE<\/a>\n                            <\/div>\n                        <\/div>\n                    <\/article><article>\n                        <a class=\"project-single-title\" href=\"https:\/\/www.vaia.eu\/de\/project\/dolomiten\/\" title=\"Dolomiten\">Dolomiten<\/a>\n\n                       <div class=\"content-grid-articles\">\n                            <div class=\"box-img\">\n                                <a class=\"project-single-image\" href=\"https:\/\/www.vaia.eu\/de\/project\/dolomiten\/\" title=\"Dolomiten\">\n                                    <img data-flickity-lazyload=\"https:\/\/www.vaia.eu\/wp-content\/uploads\/2022\/11\/665x755_PROGETTI_DOLOMITI.jpg\" class=\"skip-lazy\" alt=\"slider image\" width=\"400\" height=\"600\" \/>\n                                <\/a>\n                            <\/div>\n                            <div class=\"box-info-txt\">\n                                <div class=\"project-single-excerpt\">\n                                    Junge lokale Designer und Handwerker f\u00fcr die W\u00e4lder von morgen.\n                                <\/div>\n\n                                <a class=\"button button-secondary project-single-button\" href=\"https:\/\/www.vaia.eu\/de\/project\/dolomiten\/\" title=\"Dolomiten\">DISCOVER MORE<\/a>\n                            <\/div>\n                        <\/div>\n                    <\/article><article>\n                        <a class=\"project-single-title\" href=\"https:\/\/www.vaia.eu\/de\/project\/gletscher\/\" title=\"Gletscher\">Gletscher<\/a>\n\n                       <div class=\"content-grid-articles\">\n                            <div class=\"box-img\">\n                                <a class=\"project-single-image\" href=\"https:\/\/www.vaia.eu\/de\/project\/gletscher\/\" title=\"Gletscher\">\n                                    <img data-flickity-lazyload=\"https:\/\/www.vaia.eu\/wp-content\/uploads\/2022\/11\/665x755_PROGETTI-Ghiacciai.jpg\" class=\"skip-lazy\" alt=\"slider image\" width=\"400\" height=\"600\" \/>\n                                <\/a>\n                            <\/div>\n                            <div class=\"box-info-txt\">\n                                <div class=\"project-single-excerpt\">\n                                    Wissenschaftler und Aktivisten f\u00fcr die Berge und das Klima.\n                                <\/div>\n\n                                <a class=\"button button-secondary project-single-button\" href=\"https:\/\/www.vaia.eu\/de\/project\/gletscher\/\" title=\"Gletscher\">DISCOVER MORE<\/a>\n                            <\/div>\n                        <\/div>\n                    <\/article><article>\n                        <a class=\"project-single-title\" href=\"https:\/\/www.vaia.eu\/de\/project\/vaia-fuer-firmen\/\" title=\"VAIA f\u00fcr Firmen\">VAIA f\u00fcr Firmen<\/a>\n\n                       <div class=\"content-grid-articles\">\n                            <div class=\"box-img\">\n                                <a class=\"project-single-image\" href=\"https:\/\/www.vaia.eu\/de\/project\/vaia-fuer-firmen\/\" title=\"VAIA f\u00fcr Firmen\">\n                                    <img data-flickity-lazyload=\"https:\/\/www.vaia.eu\/wp-content\/uploads\/2022\/11\/665x755_PROGETTI-Aziende.jpg\" class=\"skip-lazy\" alt=\"slider image\" width=\"400\" height=\"600\" \/>\n                                <\/a>\n                            <\/div>\n                            <div class=\"box-info-txt\">\n                                <div class=\"project-single-excerpt\">\n                                    Partner f\u00fcr aktive und konkrete Nachhaltigkeit.\n                                <\/div>\n\n                                <a class=\"button button-secondary project-single-button\" href=\"https:\/\/www.vaia.eu\/de\/project\/vaia-fuer-firmen\/\" title=\"VAIA f\u00fcr Firmen\">DISCOVER MORE<\/a>\n                            <\/div>\n                        <\/div>\n                    <\/article><\/div>\n            <\/div>\n\n\n\n<div class=\"title-content-cta-band  bgcolor-transparent \">\n    <div class=\"component-container\">\n\n        <span class=\"title-1\"><\/span>\n\n                        <div class=\"grid-cols\">\n            \n            <div class=\"content\">\n                \n                            <\/div>\n        <\/div>\n        \n                    <a class=\"button  button-primary \"\n                                    href=\"\/de\/projekte\/\"\n                                   title=\"ENTDECKE ALLES\">ENTDECKE ALLES<\/a>\n        \n    <\/div>\n<\/div>\n\n\n\n<div class=\"title-subtitle-cta-band  bgcolor-transparent \">\n    <div class=\"component-container\">\n        <div class=\" display-block \">\n                        <span class=\"title-1  titlesize-medium  titlecolor-darkgreen \">Unsere Produkte<\/span>\n                \n            \n        <\/div>\n\n\n        \n\n            \n        \n            \n        \n    <\/div>\n<\/div>\n\n\n<div class=\"images-slider images-slider-bg-yellow\">\n    <div class=\"images-slider-container\">\n        \n        <div class=\"images-slider__row\">\n                            <div class=\"images-slider__single\" aria-hidden=\"false\">\n                    <div class=\"images-slider__single-contents\">\n                        <img data-flickity-lazyload=\"https:\/\/www.vaia.eu\/wp-content\/uploads\/2022\/11\/665x755_CUBE.jpg\" class=\"skip-lazy\" alt=\"slider image\" width=\"400\" height=\"600\" \/>\n                                                    <span class=\"thetitle thetitle--color-lightyellow\">VERST\u00c4RKT DIE WIEDERGEBURT<\/span>\n                                                                            <a class=\"button\" href=\"https:\/\/www.vaia.eu\/de\/produkt\/vaia-cube\/\" title=\"ENTDECKE VAIA CUBE \">ENTDECKE VAIA CUBE <\/a>\n                                            <\/div>\n\n                <\/div>\n                            <div class=\"images-slider__single\" aria-hidden=\"false\">\n                    <div class=\"images-slider__single-contents\">\n                        <img data-flickity-lazyload=\"https:\/\/www.vaia.eu\/wp-content\/uploads\/2022\/11\/665x755_IMPERFETTO.jpg\" class=\"skip-lazy\" alt=\"slider image\" width=\"400\" height=\"600\" \/>\n                                                    <span class=\"thetitle thetitle--color-lightyellow\">DIE SCH\u00d6NHEIT DER EINZIGARTIGKEIT<\/span>\n                                                                            <a class=\"button\" href=\"https:\/\/www.vaia.eu\/de\/produkt\/vaia-cube-imperfetto\/\" title=\"ENTDECKE VAIA CUBE imperfetto\">ENTDECKE VAIA CUBE imperfetto<\/a>\n                                            <\/div>\n\n                <\/div>\n                            <div class=\"images-slider__single\" aria-hidden=\"false\">\n                    <div class=\"images-slider__single-contents\">\n                        <img data-flickity-lazyload=\"https:\/\/www.vaia.eu\/wp-content\/uploads\/2022\/11\/665x755_JOY-2-1.jpg\" class=\"skip-lazy\" alt=\"slider image\" width=\"400\" height=\"600\" \/>\n                                                    <span class=\"thetitle thetitle--color-lightyellow\">DIE ENERGIE DER FARBE<\/span>\n                                                                            <a class=\"button\" href=\"https:\/\/www.vaia.eu\/de\/produkt\/vaia-cube-joy\/\" title=\"ENTDECKE VAIA CUBE JOY \">ENTDECKE VAIA CUBE JOY <\/a>\n                                            <\/div>\n\n                <\/div>\n                            <div class=\"images-slider__single\" aria-hidden=\"false\">\n                    <div class=\"images-slider__single-contents\">\n                        <img data-flickity-lazyload=\"https:\/\/www.vaia.eu\/wp-content\/uploads\/2022\/11\/665x755_focus.jpg\" class=\"skip-lazy\" alt=\"slider image\" width=\"400\" height=\"600\" \/>\n                                                    <span class=\"thetitle thetitle--color-lightyellow\">KONZENTRATION AUF DAS WESENTLICHE <\/span>\n                                                                            <a class=\"button\" href=\"https:\/\/www.vaia.eu\/de\/produkt\/vaia-focus\/\" title=\"ENTDECKE VAIA FOCUS \">ENTDECKE VAIA FOCUS <\/a>\n                                            <\/div>\n\n                <\/div>\n                            <div class=\"images-slider__single\" aria-hidden=\"false\">\n                    <div class=\"images-slider__single-contents\">\n                        <img data-flickity-lazyload=\"https:\/\/www.vaia.eu\/wp-content\/uploads\/2024\/11\/VAIA-People-Prodotto-VAIA-1.jpg\" class=\"skip-lazy\" alt=\"slider image\" width=\"400\" height=\"600\" \/>\n                                                    <span class=\"thetitle thetitle--color-lightyellow\">EIN \u00d6KOSYSTEM SEIN, NIEMAND AUSGESCHLOSSEN<\/span>\n                                                                            <a class=\"button\" href=\"https:\/\/www.vaia.eu\/prodotto\/vaia-people\/\" title=\"ENDECKE VAIA PEOPLE\">ENDECKE VAIA PEOPLE<\/a>\n                                            <\/div>\n\n                <\/div>\n                            <div class=\"images-slider__single\" aria-hidden=\"false\">\n                    <div class=\"images-slider__single-contents\">\n                        <img data-flickity-lazyload=\"https:\/\/www.vaia.eu\/wp-content\/uploads\/2025\/11\/VAIA-PEOPLE-PERSONALIZZATO-CAROSELLO-PROD.jpg\" class=\"skip-lazy\" alt=\"slider image\" width=\"400\" height=\"600\" \/>\n                                                    <span class=\"thetitle thetitle--color-lightyellow\">ERZ\u00c4HL DEINE GESCHICHTE<\/span>\n                                                                            <a class=\"button\" href=\"https:\/\/www.vaia.eu\/de\/produkt\/vaia-people-personalizzato\/\" title=\"ENDECKE VAIA PEOPLE PERSONALISIERT\">ENDECKE VAIA PEOPLE PERSONALISIERT<\/a>\n                                            <\/div>\n\n                <\/div>\n            \n        <\/div>\n        <span class=\"image-slider-symbol symbol-darkgreen\">\/\/<\/span>\n    <\/div>\n\n<\/div>\n\n\n\n<div class=\"title-subtitle-cta-band  bgcolor-lightgreen \">\n    <div class=\"component-container\">\n        <div class=\" display-block \">\n                        <span class=\"title-1  titlesize-small  titlecolor-darkgreen \">Unsere Botschafter<\/span>\n                \n            \n        <\/div>\n\n\n        \n        <div class=\"grid-subtitle\">\n        \n\n            \n                    <div class=\"subtitle  subtitlesize-small  subtitlecolor-darkgreen \"><p>Finde den n\u00e4chstgelegenen H\u00e4ndler<\/p>\n<\/div>\n            \n            \n            <\/div>\n                \n                    <a class=\"button  button-primary \"\n                                    href=\"https:\/\/www.vaia.eu\/de\/vaia-ambassadors\/\"\n                                   title=\"ZUR KARTE\">ZUR KARTE<\/a>\n        \n    <\/div>\n<\/div>\n\n\n<div class=\"cards cards-bg-lightyellow\">\n\n            <span class=\"headingcard-title heading-color-violet\">\n            Was man \u00fcber uns sagen        <\/span>\n    \n    <div class=\"cards__row\">\n                    <div class=\"cards__col col-color-green content-title-color-transparent content-card-color-transparent\">\n                <div class=\"g-card\">\n    \n    \n    \n            <div class=\"g-card__media\">\n                        <a href=\"https:\/\/www.corriere.it\/cronache\/21_ottobre_28\/start-up-che-rida-vita-foreste-ferite-vaia-051f5de2-382a-11ec-b57d-189900ff8f36.shtml\" target=\"_blank\">\n                            <img loading=\"lazy\" decoding=\"async\" class=\"skip-lazy\" width=\"600\" height=\"400\" src=\"https:\/\/www.vaia.eu\/wp-content\/uploads\/2023\/10\/500x500_corriere.png\" alt=\"\" \/>\n                        <\/a>\n                    <\/div>\n    \n    <\/div>\n            <\/div>\n                    <div class=\"cards__col col-color-green content-title-color-transparent content-card-color-transparent\">\n                <div class=\"g-card\">\n    \n    \n    \n            <div class=\"g-card__media\">\n                        <a href=\"https:\/\/forbes.it\/2020\/07\/08\/startup-vaia-amplificatore-tempesta-under-30\/\" target=\"_blank\">\n                            <img loading=\"lazy\" decoding=\"async\" class=\"skip-lazy\" width=\"600\" height=\"400\" src=\"https:\/\/www.vaia.eu\/wp-content\/uploads\/2023\/10\/500x500_forbes.png\" alt=\"\" \/>\n                        <\/a>\n                    <\/div>\n    \n    <\/div>\n            <\/div>\n                    <div class=\"cards__col col-color-green content-title-color-transparent content-card-color-transparent\">\n                <div class=\"g-card\">\n    \n    \n    \n            <div class=\"g-card__media\">\n                        <a href=\"https:\/\/www.repubblica.it\/green-and-blue\/dossier\/tutti-per-la-terra\/2023\/09\/19\/news\/vaia-414104952\/?ref=RHRM-BG-P5-S1-T1\" target=\"_blank\">\n                            <img loading=\"lazy\" decoding=\"async\" class=\"skip-lazy\" width=\"600\" height=\"400\" src=\"https:\/\/www.vaia.eu\/wp-content\/uploads\/2023\/10\/500x500_la-repubblica.png\" alt=\"\" \/>\n                        <\/a>\n                    <\/div>\n    \n    <\/div>\n            <\/div>\n                    <div class=\"cards__col col-color-green content-title-color-transparent content-card-color-transparent\">\n                <div class=\"g-card\">\n    \n    \n    \n            <div class=\"g-card__media\">\n                        <a href=\"https:\/\/stream24.ilsole24ore.com\/video\/italia\/foresta-innovatori-1000-alberi-piantati-riforestare-dolomiti\/AFBAtk2\" target=\"_blank\">\n                            <img loading=\"lazy\" decoding=\"async\" class=\"skip-lazy\" width=\"600\" height=\"400\" src=\"https:\/\/www.vaia.eu\/wp-content\/uploads\/2023\/10\/500x500_sole24ore.png\" alt=\"\" \/>\n                        <\/a>\n                    <\/div>\n    \n    <\/div>\n            <\/div>\n                    <div class=\"cards__col col-color-green content-title-color-transparent content-card-color-transparent\">\n                <div class=\"g-card\">\n    \n    \n    \n            <div class=\"g-card__media\">\n                        <a href=\"https:\/\/www.tgcom24.mediaset.it\/2023\/video\/-studio-aperto-mag---next-generazione-europa-guarda-la-seconda-puntata-su-istruzione-formazione-e-ricerca_61699570-02k.shtml\" target=\"_blank\">\n                            <img loading=\"lazy\" decoding=\"async\" class=\"skip-lazy\" width=\"600\" height=\"400\" src=\"https:\/\/www.vaia.eu\/wp-content\/uploads\/2023\/10\/500x500_tgcom24.png\" alt=\"\" \/>\n                        <\/a>\n                    <\/div>\n    \n    <\/div>\n            <\/div>\n                    <div class=\"cards__col col-color-green content-title-color-transparent content-card-color-transparent\">\n                <div class=\"g-card\">\n    \n    \n    \n            <div class=\"g-card__media\">\n                        <a href=\"https:\/\/www.faz.net\/aktuell\/technik-motor\/fuenf-am-freitag-rechenbeispiele-18403151\/plus-30-18391902.html\" target=\"_blank\">\n                            <img loading=\"lazy\" decoding=\"async\" class=\"skip-lazy\" width=\"600\" height=\"400\" src=\"https:\/\/www.vaia.eu\/wp-content\/uploads\/2023\/10\/500x500_frankfurt.png\" alt=\"\" \/>\n                        <\/a>\n                    <\/div>\n    \n    <\/div>\n            <\/div>\n                    <div class=\"cards__col col-color-green content-title-color-transparent content-card-color-transparent\">\n                <div class=\"g-card\">\n    \n    \n    \n            <div class=\"g-card__media\">\n                        <a href=\"https:\/\/tg24.sky.it\/tecnologia\/now\/2021\/03\/11\/vaia-casse-musicali-legno-tempesta\" target=\"_blank\">\n                            <img loading=\"lazy\" decoding=\"async\" class=\"skip-lazy\" width=\"600\" height=\"400\" src=\"https:\/\/www.vaia.eu\/wp-content\/uploads\/2023\/10\/500x500_skytg24.png\" alt=\"\" \/>\n                        <\/a>\n                    <\/div>\n    \n    <\/div>\n            <\/div>\n                    <div class=\"cards__col col-color-green content-title-color-transparent content-card-color-transparent\">\n                <div class=\"g-card\">\n    \n    \n    \n            <div class=\"g-card__media\">\n                        <a href=\"https:\/\/www.chip.de\/news\/Lautsprecher-ohne-Strom-und-Technik-Das-ist-der-VAIA-Cube_184449651.html\" target=\"_blank\">\n                            <img loading=\"lazy\" decoding=\"async\" class=\"skip-lazy\" width=\"600\" height=\"400\" src=\"https:\/\/www.vaia.eu\/wp-content\/uploads\/2023\/10\/500x500_chip.png\" alt=\"\" \/>\n                        <\/a>\n                    <\/div>\n    \n    <\/div>\n            <\/div>\n            <\/div>\n<\/div>\n\n\n\n<div style=\"height:100px\" aria-hidden=\"true\" class=\"wp-block-spacer\"><\/div>\n\n\n\n<div id=\"foresta-innovatori\" style=\"margin-top: 5%; margin-bottom: 5%;\">\n    <div style=\"background-color: #c9ecd9; border-radius: 15px; padding: 25px; font-family: inherit;\">\n\n        <div style=\"text-align: center; margin-bottom: 30px;\">\n            <h1 style=\"color: #610e39; margin-top: 0; margin-bottom: 10px; font-size: 2.0em;\">\n                La foresta degli Innovatori 2025\n            <\/h1>\n            <h3 style=\"color: #610e39; margin-top: 0; font-size: 1.2em; font-weight: normal;\">\n              Melden Sie sich jetzt f\u00fcr die vierte Ausgabe an! Der Termin ist der 6. September 2025 in Vezzena.\n            <\/h3>\n        <\/div>\n\n        <div style=\"display: flex; flex-wrap: wrap; gap: 30px; align-items: flex-start;\">\n\n            <div style=\"flex: 1; min-width: 300px;\">\n                <img decoding=\"async\" \n                    src=\"https:\/\/www.vaia.eu\/wp-content\/uploads\/2025\/07\/FI25_provvisoria-25062025.jpg\" \n                    alt=\"Descrizione dell'immagine\" \n                    style=\"max-width: 100%; height: auto; display: block; border-radius: 8px;\"\n                >\n\n                <p style=\"color: #0f3a26; margin-top: 15px; font-size: 1.1em; line-height: 1.6; font-family: inherit;\">\n                    Bereit f\u00fcr den n\u00e4chsten Wald? Dieses Jahr lautet das Thema \u201eZukunftsmaterie\u201c. Wir sprechen \u00fcber nat\u00fcrliche und menschliche Materialien, die Kraft der Innovation und die St\u00e4rke der Verbindungen. Wir werden Samen in die Erde und Ideen in die Zukunft pflanzen. <strong>F\u00fcllen Sie das Formular aus, um alle Updates zu erhalten!<\/strong>\n                <\/p>\n            <\/div>\n\n            <div style=\"flex: 1; min-width: 300px;\">\n                <script charset=\"utf-8\" type=\"text\/javascript\" src=\"\/\/js-eu1.hsforms.net\/forms\/embed\/v2.js\"><\/script>\n                <script charset=\"utf-8\" type=\"text\/javascript\" src=\"\/\/js-eu1.hsforms.net\/forms\/embed\/v2.js\"><\/script>\n<script>\n  hbspt.forms.create({\n    portalId: \"143416615\",\n    formId: \"905e5403-fb4c-4383-a49c-f821583223c1\",\n    region: \"eu1\"\n  });\n<\/script>\n            <\/div>\n\n        <\/div>\n\n    <\/div>\n<\/div>\n\n\n\n<div style=\"height:100px\" aria-hidden=\"true\" class=\"wp-block-spacer\"><\/div>\n","protected":false},"excerpt":{"rendered":"<p>&nbsp; La foresta degli Innovatori 2025 Melden Sie sich jetzt f\u00fcr die vierte Ausgabe an! Der Termin ist der 6. September 2025 in Vezzena. Bereit f\u00fcr den n\u00e4chsten Wald? Dieses Jahr lautet das Thema \u201eZukunftsmaterie\u201c. Wir sprechen \u00fcber nat\u00fcrliche und menschliche Materialien, die Kraft der Innovation und die St\u00e4rke der Verbindungen. Wir werden Samen in [&hellip;]<\/p>\n","protected":false},"author":1,"featured_media":0,"parent":0,"menu_order":1,"comment_status":"closed","ping_status":"closed","template":"","meta":{"_acf_changed":false,"_crdt_document":"","content-type":"","footnotes":""},"class_list":["post-4066","page","type-page","status-publish","hentry"],"acf":[],"yoast_head":"<!-- This site is optimized with the Yoast SEO plugin v27.4 - https:\/\/yoast.com\/product\/yoast-seo-wordpress\/ -->\n<title>VAIA | face what matters<\/title>\n<meta name=\"description\" content=\"Mehr als 42 Millionen B\u00e4ume wurden vom Sturm VAIA gef\u00e4llt. So entstand aus dem Holz dieser B\u00e4ume der Handyverst\u00e4rker VAIA Cube.\" \/>\n<meta name=\"robots\" content=\"index, follow, max-snippet:-1, max-image-preview:large, max-video-preview:-1\" \/>\n<link rel=\"canonical\" href=\"https:\/\/www.vaia.eu\/de\/\" \/>\n<meta property=\"og:locale\" content=\"de_DE\" \/>\n<meta property=\"og:type\" content=\"article\" \/>\n<meta property=\"og:title\" content=\"VAIA | face what matters\" \/>\n<meta property=\"og:description\" content=\"Mehr als 42 Millionen B\u00e4ume wurden vom Sturm VAIA gef\u00e4llt. So entstand aus dem Holz dieser B\u00e4ume der Handyverst\u00e4rker VAIA Cube.\" \/>\n<meta property=\"og:url\" content=\"https:\/\/www.vaia.eu\/de\/\" \/>\n<meta property=\"og:site_name\" content=\"VAIA\" \/>\n<meta property=\"article:publisher\" content=\"https:\/\/www.facebook.com\/therealvaia\/\" \/>\n<meta property=\"article:modified_time\" content=\"2025-11-11T10:07:48+00:00\" \/>\n<meta property=\"og:image\" content=\"https:\/\/www.vaia.eu\/wp-content\/uploads\/2023\/10\/1920x1080_header-home.jpg\" \/>\n\t<meta property=\"og:image:width\" content=\"1920\" \/>\n\t<meta property=\"og:image:height\" content=\"1080\" \/>\n\t<meta property=\"og:image:type\" content=\"image\/jpeg\" \/>\n<meta name=\"twitter:card\" content=\"summary_large_image\" \/>\n<meta name=\"twitter:label1\" content=\"Gesch\u00e4tzte Lesezeit\" \/>\n\t<meta name=\"twitter:data1\" content=\"1\u00a0Minute\" \/>\n<script type=\"application\/ld+json\" class=\"yoast-schema-graph\">{\"@context\":\"https:\\\/\\\/schema.org\",\"@graph\":[{\"@type\":\"WebPage\",\"@id\":\"https:\\\/\\\/www.vaia.eu\\\/de\\\/\",\"url\":\"https:\\\/\\\/www.vaia.eu\\\/de\\\/\",\"name\":\"VAIA | face what matters\",\"isPartOf\":{\"@id\":\"https:\\\/\\\/www.vaia.eu\\\/#website\"},\"primaryImageOfPage\":{\"@id\":\"https:\\\/\\\/www.vaia.eu\\\/de\\\/#primaryimage\"},\"image\":{\"@id\":\"https:\\\/\\\/www.vaia.eu\\\/de\\\/#primaryimage\"},\"thumbnailUrl\":\"https:\\\/\\\/www.vaia.eu\\\/wp-content\\\/uploads\\\/2025\\\/07\\\/FI25_provvisoria-25062025.jpg\",\"datePublished\":\"2022-08-23T14:21:20+00:00\",\"dateModified\":\"2025-11-11T10:07:48+00:00\",\"description\":\"Mehr als 42 Millionen B\u00e4ume wurden vom Sturm VAIA gef\u00e4llt. So entstand aus dem Holz dieser B\u00e4ume der Handyverst\u00e4rker VAIA Cube.\",\"breadcrumb\":{\"@id\":\"https:\\\/\\\/www.vaia.eu\\\/de\\\/#breadcrumb\"},\"inLanguage\":\"de\",\"potentialAction\":[{\"@type\":\"ReadAction\",\"target\":[\"https:\\\/\\\/www.vaia.eu\\\/de\\\/\"]}]},{\"@type\":\"ImageObject\",\"inLanguage\":\"de\",\"@id\":\"https:\\\/\\\/www.vaia.eu\\\/de\\\/#primaryimage\",\"url\":\"https:\\\/\\\/www.vaia.eu\\\/wp-content\\\/uploads\\\/2025\\\/07\\\/FI25_provvisoria-25062025.jpg\",\"contentUrl\":\"https:\\\/\\\/www.vaia.eu\\\/wp-content\\\/uploads\\\/2025\\\/07\\\/FI25_provvisoria-25062025.jpg\"},{\"@type\":\"BreadcrumbList\",\"@id\":\"https:\\\/\\\/www.vaia.eu\\\/de\\\/#breadcrumb\",\"itemListElement\":[{\"@type\":\"ListItem\",\"position\":1,\"name\":\"Home\",\"item\":\"https:\\\/\\\/www.vaia.eu\\\/de\\\/\"},{\"@type\":\"ListItem\",\"position\":2,\"name\":\"Home\"}]},{\"@type\":\"WebSite\",\"@id\":\"https:\\\/\\\/www.vaia.eu\\\/#website\",\"url\":\"https:\\\/\\\/www.vaia.eu\\\/\",\"name\":\"VAIA - Face what matters\",\"description\":\"Face What Matters\",\"publisher\":{\"@id\":\"https:\\\/\\\/www.vaia.eu\\\/#organization\"},\"potentialAction\":[{\"@type\":\"SearchAction\",\"target\":{\"@type\":\"EntryPoint\",\"urlTemplate\":\"https:\\\/\\\/www.vaia.eu\\\/?s={search_term_string}\"},\"query-input\":{\"@type\":\"PropertyValueSpecification\",\"valueRequired\":true,\"valueName\":\"search_term_string\"}}],\"inLanguage\":\"de\"},{\"@type\":\"Organization\",\"@id\":\"https:\\\/\\\/www.vaia.eu\\\/#organization\",\"name\":\"VAIA\",\"url\":\"https:\\\/\\\/www.vaia.eu\\\/\",\"logo\":{\"@type\":\"ImageObject\",\"inLanguage\":\"de\",\"@id\":\"https:\\\/\\\/www.vaia.eu\\\/#\\\/schema\\\/logo\\\/image\\\/\",\"url\":\"https:\\\/\\\/www.vaia.eu\\\/wp-content\\\/uploads\\\/2023\\\/12\\\/logo-vaia.svg\",\"contentUrl\":\"https:\\\/\\\/www.vaia.eu\\\/wp-content\\\/uploads\\\/2023\\\/12\\\/logo-vaia.svg\",\"width\":1000,\"height\":1000,\"caption\":\"VAIA\"},\"image\":{\"@id\":\"https:\\\/\\\/www.vaia.eu\\\/#\\\/schema\\\/logo\\\/image\\\/\"},\"sameAs\":[\"https:\\\/\\\/www.facebook.com\\\/therealvaia\\\/\",\"https:\\\/\\\/www.instagram.com\\\/therealvaia\\\/\",\"https:\\\/\\\/www.linkedin.com\\\/company\\\/vaiasrl\\\/\",\"https:\\\/\\\/www.youtube.com\\\/channel\\\/UCPtTJEh97yiEMm-vE_Ux3Aw\"]}]}<\/script>\n<!-- \/ Yoast SEO plugin. -->","yoast_head_json":{"title":"VAIA | face what matters","description":"Mehr als 42 Millionen B\u00e4ume wurden vom Sturm VAIA gef\u00e4llt. So entstand aus dem Holz dieser B\u00e4ume der Handyverst\u00e4rker VAIA Cube.","robots":{"index":"index","follow":"follow","max-snippet":"max-snippet:-1","max-image-preview":"max-image-preview:large","max-video-preview":"max-video-preview:-1"},"canonical":"https:\/\/www.vaia.eu\/de\/","og_locale":"de_DE","og_type":"article","og_title":"VAIA | face what matters","og_description":"Mehr als 42 Millionen B\u00e4ume wurden vom Sturm VAIA gef\u00e4llt. So entstand aus dem Holz dieser B\u00e4ume der Handyverst\u00e4rker VAIA Cube.","og_url":"https:\/\/www.vaia.eu\/de\/","og_site_name":"VAIA","article_publisher":"https:\/\/www.facebook.com\/therealvaia\/","article_modified_time":"2025-11-11T10:07:48+00:00","og_image":[{"width":1920,"height":1080,"url":"https:\/\/www.vaia.eu\/wp-content\/uploads\/2023\/10\/1920x1080_header-home.jpg","type":"image\/jpeg"}],"twitter_card":"summary_large_image","twitter_misc":{"Gesch\u00e4tzte Lesezeit":"1\u00a0Minute"},"schema":{"@context":"https:\/\/schema.org","@graph":[{"@type":"WebPage","@id":"https:\/\/www.vaia.eu\/de\/","url":"https:\/\/www.vaia.eu\/de\/","name":"VAIA | face what matters","isPartOf":{"@id":"https:\/\/www.vaia.eu\/#website"},"primaryImageOfPage":{"@id":"https:\/\/www.vaia.eu\/de\/#primaryimage"},"image":{"@id":"https:\/\/www.vaia.eu\/de\/#primaryimage"},"thumbnailUrl":"https:\/\/www.vaia.eu\/wp-content\/uploads\/2025\/07\/FI25_provvisoria-25062025.jpg","datePublished":"2022-08-23T14:21:20+00:00","dateModified":"2025-11-11T10:07:48+00:00","description":"Mehr als 42 Millionen B\u00e4ume wurden vom Sturm VAIA gef\u00e4llt. So entstand aus dem Holz dieser B\u00e4ume der Handyverst\u00e4rker VAIA Cube.","breadcrumb":{"@id":"https:\/\/www.vaia.eu\/de\/#breadcrumb"},"inLanguage":"de","potentialAction":[{"@type":"ReadAction","target":["https:\/\/www.vaia.eu\/de\/"]}]},{"@type":"ImageObject","inLanguage":"de","@id":"https:\/\/www.vaia.eu\/de\/#primaryimage","url":"https:\/\/www.vaia.eu\/wp-content\/uploads\/2025\/07\/FI25_provvisoria-25062025.jpg","contentUrl":"https:\/\/www.vaia.eu\/wp-content\/uploads\/2025\/07\/FI25_provvisoria-25062025.jpg"},{"@type":"BreadcrumbList","@id":"https:\/\/www.vaia.eu\/de\/#breadcrumb","itemListElement":[{"@type":"ListItem","position":1,"name":"Home","item":"https:\/\/www.vaia.eu\/de\/"},{"@type":"ListItem","position":2,"name":"Home"}]},{"@type":"WebSite","@id":"https:\/\/www.vaia.eu\/#website","url":"https:\/\/www.vaia.eu\/","name":"VAIA - Face what matters","description":"Face What Matters","publisher":{"@id":"https:\/\/www.vaia.eu\/#organization"},"potentialAction":[{"@type":"SearchAction","target":{"@type":"EntryPoint","urlTemplate":"https:\/\/www.vaia.eu\/?s={search_term_string}"},"query-input":{"@type":"PropertyValueSpecification","valueRequired":true,"valueName":"search_term_string"}}],"inLanguage":"de"},{"@type":"Organization","@id":"https:\/\/www.vaia.eu\/#organization","name":"VAIA","url":"https:\/\/www.vaia.eu\/","logo":{"@type":"ImageObject","inLanguage":"de","@id":"https:\/\/www.vaia.eu\/#\/schema\/logo\/image\/","url":"https:\/\/www.vaia.eu\/wp-content\/uploads\/2023\/12\/logo-vaia.svg","contentUrl":"https:\/\/www.vaia.eu\/wp-content\/uploads\/2023\/12\/logo-vaia.svg","width":1000,"height":1000,"caption":"VAIA"},"image":{"@id":"https:\/\/www.vaia.eu\/#\/schema\/logo\/image\/"},"sameAs":["https:\/\/www.facebook.com\/therealvaia\/","https:\/\/www.instagram.com\/therealvaia\/","https:\/\/www.linkedin.com\/company\/vaiasrl\/","https:\/\/www.youtube.com\/channel\/UCPtTJEh97yiEMm-vE_Ux3Aw"]}]}},"_links":{"self":[{"href":"https:\/\/www.vaia.eu\/de\/wp-json\/wp\/v2\/pages\/4066","targetHints":{"allow":["GET"]}}],"collection":[{"href":"https:\/\/www.vaia.eu\/de\/wp-json\/wp\/v2\/pages"}],"about":[{"href":"https:\/\/www.vaia.eu\/de\/wp-json\/wp\/v2\/types\/page"}],"author":[{"embeddable":true,"href":"https:\/\/www.vaia.eu\/de\/wp-json\/wp\/v2\/users\/1"}],"replies":[{"embeddable":true,"href":"https:\/\/www.vaia.eu\/de\/wp-json\/wp\/v2\/comments?post=4066"}],"version-history":[{"count":7,"href":"https:\/\/www.vaia.eu\/de\/wp-json\/wp\/v2\/pages\/4066\/revisions"}],"predecessor-version":[{"id":43328,"href":"https:\/\/www.vaia.eu\/de\/wp-json\/wp\/v2\/pages\/4066\/revisions\/43328"}],"wp:attachment":[{"href":"https:\/\/www.vaia.eu\/de\/wp-json\/wp\/v2\/media?parent=4066"}],"curies":[{"name":"wp","href":"https:\/\/api.w.org\/{rel}","templated":true}]}}