{"id":4074,"date":"2023-10-27T12:14:41","date_gmt":"2023-10-27T10:14:41","guid":{"rendered":"https:\/\/www.vaia.eu\/persone-per-vaia\/ambassador\/"},"modified":"2023-12-06T10:39:19","modified_gmt":"2023-12-06T09:39:19","slug":"botschafter","status":"publish","type":"page","link":"https:\/\/www.vaia.eu\/de\/personen-fur-vaia\/botschafter\/","title":{"rendered":"BOTSCHAFTER"},"content":{"rendered":"\n<div class=\"title-subtitle-cta-band  bgcolor-lightgreen \">\n    <div class=\"component-container\">\n        <div class=\" display-block \">\n                        <span class=\"title-1  titlesize-medium  titlecolor-violet \">Unsere Botschafter sind<\/span>\n                \n            \n        <\/div>\n\n\n        \n        <div class=\"grid-subtitle\">\n        \n\n                        <span class=\"separator  separator-color-violet \">\/\/<\/span>\n            \n                    <div class=\"subtitle  subtitlesize-medium  subtitlecolor-violet \"><p>die Sprecher der VAIA-Werte: Sie helfen uns, die Geschichte unseres Projekts zu erz\u00e4hlen und erm\u00f6glichen es uns, k\u00fcnftige VAIANER zu erreichen<\/p>\n<\/div>\n            \n            \n            <\/div>\n                \n        \n    <\/div>\n<\/div>\n\n\n<div class=\"cards-slider projects-slider-bg-transparent vaia__filter__system\">\n    <div class=\"projects-slider-container\">\n        \n        <div class=\"cards-slider__row\">\n                            <div class=\"projects-slider__single\">\n                    <div class=\"projects-slider__single-contents\">\n\n                        <span class=\"project-single-title\">Marco Mengoni<\/span>\n\n                        <div class=\"grid-layout\">\n                            <a class=\"project-single-image\" href=\"\" title=\"Marco Mengoni\">\n                                <img loading=\"lazy\" decoding=\"async\" src=\"https:\/\/www.vaia.eu\/wp-content\/uploads\/2023\/10\/665x755_mengoni.jpg\" width=\"400\" height=\"400\" \/>\n                            <\/a>\n\n                            <div class=\"project-single-excerpt\">\n                                <p>Wir haben uns mit Sony Music Italia zusammengetan, um das Album &#8222;Materia (Terra)&#8220; auf den Markt zu bringen: 150 mit Marcos Unterschrift bedruckte W\u00fcrfel, die an die wichtigsten italienischen Musikmagazine und Radiosender verteilt wurden. Wir stellen uns eine Welt vor, in der Kunst und Nachhaltigkeit Hand in Hand gehen. Und wenn wir uns das vorstellen k\u00f6nnen, k\u00f6nnen wir es auch schaffen.<\/p>\n                            <\/div>\n\n                                                    <\/div>\n                    <\/div>\n\n                <\/div>\n                            <div class=\"projects-slider__single\">\n                    <div class=\"projects-slider__single-contents\">\n\n                        <span class=\"project-single-title\">Papst Franziskus<\/span>\n\n                        <div class=\"grid-layout\">\n                            <a class=\"project-single-image\" href=\"\" title=\"Papst Franziskus\">\n                                <img loading=\"lazy\" decoding=\"async\" src=\"https:\/\/www.vaia.eu\/wp-content\/uploads\/2023\/10\/665x755_papa.jpg\" width=\"400\" height=\"400\" \/>\n                            <\/a>\n\n                            <div class=\"project-single-excerpt\">\n                                <p>Wir hatten die Ehre, Seiner Heiligkeit einen VAIA-W\u00fcrfel zu \u00fcberreichen, als Symbol f\u00fcr die F\u00e4higkeit, Menschen miteinander und Menschen mit der Umwelt zu verbinden. Neben den gro\u00dfen Emotionen nahmen wir diese wichtige Botschaft von ihm mit nach Hause: &#8222;Es gibt keine Freiwilligenarbeit vom Schreibtisch aus: Um andere zu lieben, muss man sich engagieren&#8220;.  <\/p>\n                            <\/div>\n\n                                                    <\/div>\n                    <\/div>\n\n                <\/div>\n                            <div class=\"projects-slider__single\">\n                    <div class=\"projects-slider__single-contents\">\n\n                        <span class=\"project-single-title\">Sergio Mattarella<\/span>\n\n                        <div class=\"grid-layout\">\n                            <a class=\"project-single-image\" href=\"\" title=\"Sergio Mattarella\">\n                                <img loading=\"lazy\" decoding=\"async\" src=\"https:\/\/www.vaia.eu\/wp-content\/uploads\/2023\/10\/665x755_mattarella.jpg\" width=\"400\" height=\"400\" \/>\n                            <\/a>\n\n                            <div class=\"project-single-excerpt\">\n                                <p>Unseren W\u00fcrfel einem hohen Staatsbeamten \u00fcbergeben zu k\u00f6nnen, hat uns sehr gefreut. Und es hat uns noch bewusster gemacht, dass das Projekt, das wir verfolgen, nicht nur f\u00fcr die lokalen Gemeinschaften im Trentino wichtig ist: Unser Projekt ist ein gemeinsames Engagement f\u00fcr die Nachhaltigkeit, dessen Auswirkungen in verschiedenen Gebieten zu sp\u00fcren sind. <\/p>\n                            <\/div>\n\n                                                    <\/div>\n                    <\/div>\n\n                <\/div>\n                            <div class=\"projects-slider__single\">\n                    <div class=\"projects-slider__single-contents\">\n\n                        <span class=\"project-single-title\">Gregorio Paltrinieri<\/span>\n\n                        <div class=\"grid-layout\">\n                            <a class=\"project-single-image\" href=\"\" title=\"Gregorio Paltrinieri\">\n                                <img loading=\"lazy\" decoding=\"async\" src=\"https:\/\/www.vaia.eu\/wp-content\/uploads\/2023\/10\/665x755_paltrinieri.jpg\" width=\"400\" height=\"400\" \/>\n                            <\/a>\n\n                            <div class=\"project-single-excerpt\">\n                                <p>Testimonial des Projekts Dominate the Water, das wir unterst\u00fctzen wollen, weil wir es f\u00fcr wichtig halten, unser Gebiet in seiner Gesamtheit aufzuwerten, von den Bergen bis zum Meer. Und diesen &#8222;Goldjungen&#8220; pers\u00f6nlich zu treffen, hat uns noch gl\u00fccklicher gemacht, unser Engagement in die Wellen zu tragen!<\/p>\n                            <\/div>\n\n                                                    <\/div>\n                    <\/div>\n\n                <\/div>\n                            <div class=\"projects-slider__single\">\n                    <div class=\"projects-slider__single-contents\">\n\n                        <span class=\"project-single-title\">Muhammad Yunus<\/span>\n\n                        <div class=\"grid-layout\">\n                            <a class=\"project-single-image\" href=\"\" title=\"Muhammad Yunus\">\n                                <img loading=\"lazy\" decoding=\"async\" src=\"https:\/\/www.vaia.eu\/wp-content\/uploads\/2023\/10\/665x755_yunus.jpg\" width=\"400\" height=\"400\" \/>\n                            <\/a>\n\n                            <div class=\"project-single-excerpt\">\n                                <p>Wir haben am Global Social Business Summit (Turin, 2022) teilgenommen, einer der gr\u00f6\u00dften Veranstaltungen f\u00fcr soziale Unternehmen weltweit, eine Gelegenheit, soziale Unternehmer und Changemaker zu treffen und mehr \u00fcber ihre Erfahrungen zu erfahren. Und hier trafen wir den Friedensnobelpreistr\u00e4ger Yunus, den Gr\u00fcnder des Gipfels.<\/p>\n                            <\/div>\n\n                                                    <\/div>\n                    <\/div>\n\n                <\/div>\n                            <div class=\"projects-slider__single\">\n                    <div class=\"projects-slider__single-contents\">\n\n                        <span class=\"project-single-title\">Elisa<\/span>\n\n                        <div class=\"grid-layout\">\n                            <a class=\"project-single-image\" href=\"\" title=\"Elisa\">\n                                <img loading=\"lazy\" decoding=\"async\" src=\"https:\/\/www.vaia.eu\/wp-content\/uploads\/2023\/10\/665x755_elisa.jpg\" width=\"400\" height=\"400\" \/>\n                            <\/a>\n\n                            <div class=\"project-single-excerpt\">\n                                <p>Gemeinsam haben wir \u00fcber die verschiedenen M\u00f6glichkeiten gesprochen, wie Nachhaltigkeit heute gelebt werden kann. Grundlegend ist es das &#8222;Schaffen&#8220;: Ob es sich um einen Song, ein Objekt oder ein Projekt handelt, Schaffen bedeutet, etwas als Verm\u00e4chtnis zu hinterlassen. Und es ist wichtig, dass dieses Verm\u00e4chtnis unsere Werte und unser Engagement, besser zu werden, widerspiegelt.<\/p>\n                            <\/div>\n\n                                                    <\/div>\n                    <\/div>\n\n                <\/div>\n                            <div class=\"projects-slider__single\">\n                    <div class=\"projects-slider__single-contents\">\n\n                        <span class=\"project-single-title\">Negramaro<\/span>\n\n                        <div class=\"grid-layout\">\n                            <a class=\"project-single-image\" href=\"\" title=\"Negramaro\">\n                                <img loading=\"lazy\" decoding=\"async\" src=\"https:\/\/www.vaia.eu\/wp-content\/uploads\/2023\/10\/665x755-negramaro.jpg\" width=\"400\" height=\"400\" \/>\n                            <\/a>\n\n                            <div class=\"project-single-excerpt\">\n                                <p>&#8218;Wunderbar \/ Doch sieh dich um, \/ Was sie dir geschenkt haben&#8216; Eine gro\u00dfe Freude, als Negramaro auch VAIANER wurden!<\/p>\n                            <\/div>\n\n                                                    <\/div>\n                    <\/div>\n\n                <\/div>\n                            <div class=\"projects-slider__single\">\n                    <div class=\"projects-slider__single-contents\">\n\n                        <span class=\"project-single-title\">Giovanni Storti<\/span>\n\n                        <div class=\"grid-layout\">\n                            <a class=\"project-single-image\" href=\"\" title=\"Giovanni Storti\">\n                                <img loading=\"lazy\" decoding=\"async\" src=\"https:\/\/www.vaia.eu\/wp-content\/uploads\/2023\/10\/665x755-giovanni-storti.jpg\" width=\"400\" height=\"400\" \/>\n                            <\/a>\n\n                            <div class=\"project-single-excerpt\">\n                                <p>Als wir h\u00f6rten, dass einer unserer W\u00fcrfel in den H\u00e4nden einer der S\u00e4ulen der italienischen Kom\u00f6die landen w\u00fcrde, hielten wir das f\u00fcr einen Scherz&#8230; wie sch\u00f6n, dass es wahr ist und wir einen so besonderen Menschen an seinem Geburtstag treffen durften!<\/p>\n                            <\/div>\n\n                                                    <\/div>\n                    <\/div>\n\n                <\/div>\n                            <div class=\"projects-slider__single\">\n                    <div class=\"projects-slider__single-contents\">\n\n                        <span class=\"project-single-title\">Richard Lee Chi<\/span>\n\n                        <div class=\"grid-layout\">\n                            <a class=\"project-single-image\" href=\"\" title=\"Richard Lee Chi\">\n                                <img loading=\"lazy\" decoding=\"async\" src=\"https:\/\/www.vaia.eu\/wp-content\/uploads\/2023\/10\/665x755_chi.jpg\" width=\"400\" height=\"400\" \/>\n                            <\/a>\n\n                            <div class=\"project-single-excerpt\">\n                                <p>Unglaublicher Musiker aus Taiwan. Wir trafen ihn bei seinem Besuch in Italien, wo er sein wertvolles Instrument von einem Geigenbaumeister einrichten lie\u00df. Wir nahmen ihn mit in den Geigenwald von Paneveggio. Dort spielte er zwischen den gef\u00e4llten B\u00e4umen und den neuen Setzlingen, die mit unserer Gemeinschaft gepflanzt wurden und schenkte uns gro\u00dfe Emotionen.<\/p>\n                            <\/div>\n\n                                                    <\/div>\n                    <\/div>\n\n                <\/div>\n                            <div class=\"projects-slider__single\">\n                    <div class=\"projects-slider__single-contents\">\n\n                        <span class=\"project-single-title\">Raphael Gualazzi<\/span>\n\n                        <div class=\"grid-layout\">\n                            <a class=\"project-single-image\" href=\"\" title=\"Raphael Gualazzi\">\n                                <img loading=\"lazy\" decoding=\"async\" src=\"https:\/\/www.vaia.eu\/wp-content\/uploads\/2023\/10\/665x755_gualazzi.jpg\" width=\"400\" height=\"400\" \/>\n                            <\/a>\n\n                            <div class=\"project-single-excerpt\">\n                                <p>Die T\u00f6ne seiner Jazz-Blues-Musik, verst\u00e4rkt durch unseren VAIA Cube: Wir f\u00fchlen uns immer als Teil von etwas Besonderem, wenn ein Musiker unsere Werte aufgreift!<\/p>\n                            <\/div>\n\n                                                    <\/div>\n                    <\/div>\n\n                <\/div>\n                            <div class=\"projects-slider__single\">\n                    <div class=\"projects-slider__single-contents\">\n\n                        <span class=\"project-single-title\">Chiara Galiazzo<\/span>\n\n                        <div class=\"grid-layout\">\n                            <a class=\"project-single-image\" href=\"\" title=\"Chiara Galiazzo\">\n                                <img loading=\"lazy\" decoding=\"async\" src=\"https:\/\/www.vaia.eu\/wp-content\/uploads\/2023\/10\/665x755_Chiara-Galiazzi.jpg\" width=\"400\" height=\"400\" \/>\n                            <\/a>\n\n                            <div class=\"project-single-excerpt\">\n                                <p>Der gemeinsame Nenner der Musik f\u00fchrte dazu, dass auch wir von Chiaras Energie angesteckt wurden!<\/p>\n                            <\/div>\n\n                                                    <\/div>\n                    <\/div>\n\n                <\/div>\n                            <div class=\"projects-slider__single\">\n                    <div class=\"projects-slider__single-contents\">\n\n                        <span class=\"project-single-title\">Madame<\/span>\n\n                        <div class=\"grid-layout\">\n                            <a class=\"project-single-image\" href=\"\" title=\"Madame\">\n                                <img loading=\"lazy\" decoding=\"async\" src=\"https:\/\/www.vaia.eu\/wp-content\/uploads\/2023\/10\/665x755_madame.jpg\" width=\"400\" height=\"400\" \/>\n                            <\/a>\n\n                            <div class=\"project-single-excerpt\">\n                                <p>Als wir diese sehr junge, aber unglaublich vielversprechende italienische Musikerin kennenlernten, sp\u00fcrten wir, dass ihre Stimme eine Hymne an die Unvollkommenheit ist, die uns alle betrifft und uns einzigartig macht.<\/p>\n                            <\/div>\n\n                                                    <\/div>\n                    <\/div>\n\n                <\/div>\n                            <div class=\"projects-slider__single\">\n                    <div class=\"projects-slider__single-contents\">\n\n                        <span class=\"project-single-title\">Stefano Mancuso<\/span>\n\n                        <div class=\"grid-layout\">\n                            <a class=\"project-single-image\" href=\"\" title=\"Stefano Mancuso\">\n                                <img loading=\"lazy\" decoding=\"async\" src=\"https:\/\/www.vaia.eu\/wp-content\/uploads\/2023\/10\/665x755_stefano-mancuso.jpg\" width=\"400\" height=\"400\" \/>\n                            <\/a>\n\n                            <div class=\"project-single-excerpt\">\n                                <p>&#8222;Der Motor der Erde sind die Pflanzen&#8220;. Wir verst\u00e4rken die Worte eines des weltweit f\u00fchrenden Botanikers, um uns daran zu erinnern, dass die B\u00e4ume im Kampf gegen den Klimawandel zu unseren wertvollsten Verb\u00fcndeten geh\u00f6ren.<\/p>\n                            <\/div>\n\n                                                    <\/div>\n                    <\/div>\n\n                <\/div>\n                            <div class=\"projects-slider__single\">\n                    <div class=\"projects-slider__single-contents\">\n\n                        <span class=\"project-single-title\">Erri De Luca<\/span>\n\n                        <div class=\"grid-layout\">\n                            <a class=\"project-single-image\" href=\"\" title=\"Erri De Luca\">\n                                <img loading=\"lazy\" decoding=\"async\" src=\"https:\/\/www.vaia.eu\/wp-content\/uploads\/2023\/10\/665x755_erri-de-luca.jpg\" width=\"400\" height=\"400\" \/>\n                            <\/a>\n\n                            <div class=\"project-single-excerpt\">\n                                <p>Der Schriftsteller, der die Dolomiten schon immer geliebt hat, erhielt unseren symbolischen W\u00fcrfel als Andenken an seine langen Wanderungen in unseren Bergen.<\/p>\n                            <\/div>\n\n                                                    <\/div>\n                    <\/div>\n\n                <\/div>\n                    <\/div>\n        \n    <\/div>\n\n\n<\/div>\n\n\n\n<div class=\"fascia-faq  bgcolor-lightgreen \">\n    <div class=\"component-container\">\n        <div class=\"title-container\">\n            \n            <span class=\"title-1  titlecolor-violet \">FAQ<\/span>\n            <div class=\"symbol\" id=\"symbol\">\n                <span class=\"plus\" id=\"plus\">+<\/span>\n            <\/div>\n        <\/div>\n\n                    <div class=\"subtitle subtitlecolor-darkgreen\" id=\"subtitle\"><p><strong>Wer ist ein VAIA-Botschafter?<\/strong> Eine Person, die in der Lage ist, die Werte von VAIA zu verbreiten, zu verbessern und zu festigen und die Sichtbarkeit unserer Projekte beim Zielpublikum zu erh\u00f6hen.<\/p>\n<p>&nbsp;<\/p>\n<p><strong>So werden Sie VAIA-Botschafter?<\/strong> Kontaktieren Sie uns \u00fcber unser Formular. Das VAIA-Team wird sich so bald wie m\u00f6glich mit Ihnen in Verbindung setzen<\/p>\n<p>&nbsp;<\/p>\n<p><strong>Gibt es noch andere VAIA-Botschafter?<\/strong> Nat\u00fcrlich! Werfen Sie einen Blick auf unsere Galerie und entdecken Sie alle unsere Botschafter, die uns geholfen haben und weiterhin helfen, die Vision und Mission von VAIA zu verwirklichen, indem sie unsere Projekte und die Lieferkette unserer Produkte unterst\u00fctzen&#8220;.<\/p>\n<\/div>\n        \n    <\/div>\n<\/div>\n\n\n\n<div class=\"title-subtitle-cta-band  bgcolor-transparent \">\n    <div class=\"component-container\">\n        <div class=\" display-block \">\n                        <span class=\"title-1  titlesize-medium  titlecolor-darkgreen \">Teilen Sie die Werte und Projekte von VAIA? Lieben Sie unsere Produkte?<\/span>\n                \n            \n        <\/div>\n\n\n        \n        <div class=\"grid-subtitle\">\n        \n\n                        <span class=\"separator  separator-color-yellow \">\/\/<\/span>\n            \n                    <div class=\"subtitle  subtitlesize-medium  subtitlecolor-darkgreen \"><p>Dann teilen Sie Ihr Interesse mit uns und den VAIA-Botschaftern!<\/p>\n<\/div>\n            \n            \n            <\/div>\n                \n        \n    <\/div>\n<\/div>\n\n\n\n[formidable id=13 title=true description=true]\n","protected":false},"excerpt":{"rendered":"<p>[formidable id=13 title=true description=true]<\/p>\n","protected":false},"author":1,"featured_media":0,"parent":4072,"menu_order":0,"comment_status":"closed","ping_status":"closed","template":"","meta":{"_acf_changed":false,"_crdt_document":"","content-type":"","footnotes":""},"class_list":["post-4074","page","type-page","status-publish","hentry"],"acf":[],"yoast_head":"<!-- This site is optimized with the Yoast SEO plugin v27.4 - https:\/\/yoast.com\/product\/yoast-seo-wordpress\/ -->\n<title>BOTSCHAFTER | VAIA<\/title>\n<meta name=\"robots\" content=\"index, follow, max-snippet:-1, max-image-preview:large, max-video-preview:-1\" \/>\n<link rel=\"canonical\" href=\"https:\/\/www.vaia.eu\/de\/personen-fur-vaia\/botschafter\/\" \/>\n<meta property=\"og:locale\" content=\"de_DE\" \/>\n<meta property=\"og:type\" content=\"article\" \/>\n<meta property=\"og:title\" content=\"BOTSCHAFTER | VAIA\" \/>\n<meta property=\"og:description\" content=\"[formidable id=13 title=true description=true]\" \/>\n<meta property=\"og:url\" content=\"https:\/\/www.vaia.eu\/de\/personen-fur-vaia\/botschafter\/\" \/>\n<meta property=\"og:site_name\" content=\"VAIA\" \/>\n<meta property=\"article:publisher\" content=\"https:\/\/www.facebook.com\/therealvaia\/\" \/>\n<meta property=\"article:modified_time\" content=\"2023-12-06T09:39:19+00:00\" \/>\n<meta name=\"twitter:card\" content=\"summary_large_image\" \/>\n<meta name=\"twitter:label1\" content=\"Gesch\u00e4tzte Lesezeit\" \/>\n\t<meta name=\"twitter:data1\" content=\"1\u00a0Minute\" \/>\n<script type=\"application\/ld+json\" class=\"yoast-schema-graph\">{\"@context\":\"https:\\\/\\\/schema.org\",\"@graph\":[{\"@type\":\"WebPage\",\"@id\":\"https:\\\/\\\/www.vaia.eu\\\/de\\\/personen-fur-vaia\\\/botschafter\\\/\",\"url\":\"https:\\\/\\\/www.vaia.eu\\\/de\\\/personen-fur-vaia\\\/botschafter\\\/\",\"name\":\"BOTSCHAFTER | VAIA\",\"isPartOf\":{\"@id\":\"https:\\\/\\\/www.vaia.eu\\\/#website\"},\"datePublished\":\"2023-10-27T10:14:41+00:00\",\"dateModified\":\"2023-12-06T09:39:19+00:00\",\"breadcrumb\":{\"@id\":\"https:\\\/\\\/www.vaia.eu\\\/de\\\/personen-fur-vaia\\\/botschafter\\\/#breadcrumb\"},\"inLanguage\":\"de\",\"potentialAction\":[{\"@type\":\"ReadAction\",\"target\":[\"https:\\\/\\\/www.vaia.eu\\\/de\\\/personen-fur-vaia\\\/botschafter\\\/\"]}]},{\"@type\":\"BreadcrumbList\",\"@id\":\"https:\\\/\\\/www.vaia.eu\\\/de\\\/personen-fur-vaia\\\/botschafter\\\/#breadcrumb\",\"itemListElement\":[{\"@type\":\"ListItem\",\"position\":1,\"name\":\"Home\",\"item\":\"https:\\\/\\\/www.vaia.eu\\\/de\\\/\"},{\"@type\":\"ListItem\",\"position\":2,\"name\":\"Personen f\u00fcr VAIA\",\"item\":\"https:\\\/\\\/www.vaia.eu\\\/de\\\/personen-fur-vaia\\\/\"},{\"@type\":\"ListItem\",\"position\":3,\"name\":\"BOTSCHAFTER\"}]},{\"@type\":\"WebSite\",\"@id\":\"https:\\\/\\\/www.vaia.eu\\\/#website\",\"url\":\"https:\\\/\\\/www.vaia.eu\\\/\",\"name\":\"VAIA - Face what matters\",\"description\":\"Face What Matters\",\"publisher\":{\"@id\":\"https:\\\/\\\/www.vaia.eu\\\/#organization\"},\"potentialAction\":[{\"@type\":\"SearchAction\",\"target\":{\"@type\":\"EntryPoint\",\"urlTemplate\":\"https:\\\/\\\/www.vaia.eu\\\/?s={search_term_string}\"},\"query-input\":{\"@type\":\"PropertyValueSpecification\",\"valueRequired\":true,\"valueName\":\"search_term_string\"}}],\"inLanguage\":\"de\"},{\"@type\":\"Organization\",\"@id\":\"https:\\\/\\\/www.vaia.eu\\\/#organization\",\"name\":\"VAIA\",\"url\":\"https:\\\/\\\/www.vaia.eu\\\/\",\"logo\":{\"@type\":\"ImageObject\",\"inLanguage\":\"de\",\"@id\":\"https:\\\/\\\/www.vaia.eu\\\/#\\\/schema\\\/logo\\\/image\\\/\",\"url\":\"https:\\\/\\\/www.vaia.eu\\\/wp-content\\\/uploads\\\/2023\\\/12\\\/logo-vaia.svg\",\"contentUrl\":\"https:\\\/\\\/www.vaia.eu\\\/wp-content\\\/uploads\\\/2023\\\/12\\\/logo-vaia.svg\",\"width\":1000,\"height\":1000,\"caption\":\"VAIA\"},\"image\":{\"@id\":\"https:\\\/\\\/www.vaia.eu\\\/#\\\/schema\\\/logo\\\/image\\\/\"},\"sameAs\":[\"https:\\\/\\\/www.facebook.com\\\/therealvaia\\\/\",\"https:\\\/\\\/www.instagram.com\\\/therealvaia\\\/\",\"https:\\\/\\\/www.linkedin.com\\\/company\\\/vaiasrl\\\/\",\"https:\\\/\\\/www.youtube.com\\\/channel\\\/UCPtTJEh97yiEMm-vE_Ux3Aw\"]}]}<\/script>\n<!-- \/ Yoast SEO plugin. -->","yoast_head_json":{"title":"BOTSCHAFTER | VAIA","robots":{"index":"index","follow":"follow","max-snippet":"max-snippet:-1","max-image-preview":"max-image-preview:large","max-video-preview":"max-video-preview:-1"},"canonical":"https:\/\/www.vaia.eu\/de\/personen-fur-vaia\/botschafter\/","og_locale":"de_DE","og_type":"article","og_title":"BOTSCHAFTER | VAIA","og_description":"[formidable id=13 title=true description=true]","og_url":"https:\/\/www.vaia.eu\/de\/personen-fur-vaia\/botschafter\/","og_site_name":"VAIA","article_publisher":"https:\/\/www.facebook.com\/therealvaia\/","article_modified_time":"2023-12-06T09:39:19+00:00","twitter_card":"summary_large_image","twitter_misc":{"Gesch\u00e4tzte Lesezeit":"1\u00a0Minute"},"schema":{"@context":"https:\/\/schema.org","@graph":[{"@type":"WebPage","@id":"https:\/\/www.vaia.eu\/de\/personen-fur-vaia\/botschafter\/","url":"https:\/\/www.vaia.eu\/de\/personen-fur-vaia\/botschafter\/","name":"BOTSCHAFTER | VAIA","isPartOf":{"@id":"https:\/\/www.vaia.eu\/#website"},"datePublished":"2023-10-27T10:14:41+00:00","dateModified":"2023-12-06T09:39:19+00:00","breadcrumb":{"@id":"https:\/\/www.vaia.eu\/de\/personen-fur-vaia\/botschafter\/#breadcrumb"},"inLanguage":"de","potentialAction":[{"@type":"ReadAction","target":["https:\/\/www.vaia.eu\/de\/personen-fur-vaia\/botschafter\/"]}]},{"@type":"BreadcrumbList","@id":"https:\/\/www.vaia.eu\/de\/personen-fur-vaia\/botschafter\/#breadcrumb","itemListElement":[{"@type":"ListItem","position":1,"name":"Home","item":"https:\/\/www.vaia.eu\/de\/"},{"@type":"ListItem","position":2,"name":"Personen f\u00fcr VAIA","item":"https:\/\/www.vaia.eu\/de\/personen-fur-vaia\/"},{"@type":"ListItem","position":3,"name":"BOTSCHAFTER"}]},{"@type":"WebSite","@id":"https:\/\/www.vaia.eu\/#website","url":"https:\/\/www.vaia.eu\/","name":"VAIA - Face what matters","description":"Face What Matters","publisher":{"@id":"https:\/\/www.vaia.eu\/#organization"},"potentialAction":[{"@type":"SearchAction","target":{"@type":"EntryPoint","urlTemplate":"https:\/\/www.vaia.eu\/?s={search_term_string}"},"query-input":{"@type":"PropertyValueSpecification","valueRequired":true,"valueName":"search_term_string"}}],"inLanguage":"de"},{"@type":"Organization","@id":"https:\/\/www.vaia.eu\/#organization","name":"VAIA","url":"https:\/\/www.vaia.eu\/","logo":{"@type":"ImageObject","inLanguage":"de","@id":"https:\/\/www.vaia.eu\/#\/schema\/logo\/image\/","url":"https:\/\/www.vaia.eu\/wp-content\/uploads\/2023\/12\/logo-vaia.svg","contentUrl":"https:\/\/www.vaia.eu\/wp-content\/uploads\/2023\/12\/logo-vaia.svg","width":1000,"height":1000,"caption":"VAIA"},"image":{"@id":"https:\/\/www.vaia.eu\/#\/schema\/logo\/image\/"},"sameAs":["https:\/\/www.facebook.com\/therealvaia\/","https:\/\/www.instagram.com\/therealvaia\/","https:\/\/www.linkedin.com\/company\/vaiasrl\/","https:\/\/www.youtube.com\/channel\/UCPtTJEh97yiEMm-vE_Ux3Aw"]}]}},"_links":{"self":[{"href":"https:\/\/www.vaia.eu\/de\/wp-json\/wp\/v2\/pages\/4074","targetHints":{"allow":["GET"]}}],"collection":[{"href":"https:\/\/www.vaia.eu\/de\/wp-json\/wp\/v2\/pages"}],"about":[{"href":"https:\/\/www.vaia.eu\/de\/wp-json\/wp\/v2\/types\/page"}],"author":[{"embeddable":true,"href":"https:\/\/www.vaia.eu\/de\/wp-json\/wp\/v2\/users\/1"}],"replies":[{"embeddable":true,"href":"https:\/\/www.vaia.eu\/de\/wp-json\/wp\/v2\/comments?post=4074"}],"version-history":[{"count":0,"href":"https:\/\/www.vaia.eu\/de\/wp-json\/wp\/v2\/pages\/4074\/revisions"}],"up":[{"embeddable":true,"href":"https:\/\/www.vaia.eu\/de\/wp-json\/wp\/v2\/pages\/4072"}],"wp:attachment":[{"href":"https:\/\/www.vaia.eu\/de\/wp-json\/wp\/v2\/media?parent=4074"}],"curies":[{"name":"wp","href":"https:\/\/api.w.org\/{rel}","templated":true}]}}