{"id":4080,"date":"2023-10-26T12:58:54","date_gmt":"2023-10-26T10:58:54","guid":{"rendered":"https:\/\/www.vaia.eu\/persone-per-vaia\/vaier\/"},"modified":"2023-12-05T11:51:46","modified_gmt":"2023-12-05T10:51:46","slug":"vaier","status":"publish","type":"page","link":"https:\/\/www.vaia.eu\/de\/personen-fur-vaia\/vaier\/","title":{"rendered":"Vaier"},"content":{"rendered":"\n<div class=\"title-subtitle-cta-band  bgcolor-lightgreen \">\n    <div class=\"component-container\">\n        <div class=\" display-block \">\n                        <span class=\"title-1  titlesize-medium  titlecolor-violet \">Die Vaianer sind<\/span>\n                \n            \n        <\/div>\n\n\n        \n        <div class=\"grid-subtitle\">\n        \n\n                        <span class=\"separator  separator-color-violet \">\/\/<\/span>\n            \n                    <div class=\"subtitle  subtitlesize-medium  subtitlecolor-violet \"><p>die mehr als 130.000 Menschen, die sich f\u00fcr unsere Arbeit begeistern und unsere Weltanschauung teilen.<\/p>\n<\/div>\n            \n            \n            <\/div>\n                \n        \n    <\/div>\n<\/div>\n\n\n<div class=\"title-vertical-band  bgcolor-transparent  alignment-title-left \">\n    <div class=\"component-container\">\n                    <div class=\"title-container\"><span class=\"title-1  titlesize-medium  titlecolor-green \">Community<\/span><\/div>\n                                <div class=\"subtitle  subtitlesize-medium  subtitlecolor-darkgreen \"><p>&#8222;Sie erkennen sich nicht nur im VAIA-Stil wieder, sondern wollen auch handeln und auf vielf\u00e4ltige Weise auf die Herausforderungen unserer Zeit reagieren, indem sie sich konkret engagieren, um eine positive Wirkung zu erzielen: In VAIA haben sie eine au\u00dfergew\u00f6hnliche M\u00f6glichkeit gefunden, dies zu tun.<br \/>\nSie sind oft Journalisten, Professoren, Freiberufler, Manager, KMU-Besitzer, Studenten. Sie lieben die Natur &#8211; insbesondere die Dolomiten -, aber auch die Kunst, sie lesen das Zeitgeschehen, unternehmen Outdoor-Aktivit\u00e4ten und engagieren sich f\u00fcr den Sozial- und Umweltschutz. <\/p>\n<p>Die Kraft unserer Gemeinschaft ist das Positive: Begeisterung, Verantwortung und Mut sind die Werte, die uns leiten. &#8222;<\/p>\n<\/div>\n                <\/div>\n\n<\/div>\n\n\n<div class=\"images-slider images-slider-bg-darkgreen\">\n    <div class=\"images-slider-container\">\n        \n        <div class=\"images-slider__row\">\n                            <div class=\"images-slider__single\" aria-hidden=\"false\">\n                    <div class=\"images-slider__single-contents\">\n                        <img data-flickity-lazyload=\"https:\/\/www.vaia.eu\/wp-content\/uploads\/2023\/10\/590x590-vaier-1.jpg\" class=\"skip-lazy\" alt=\"slider image\" width=\"400\" height=\"600\" \/>\n                                                                    <\/div>\n\n                <\/div>\n                            <div class=\"images-slider__single\" aria-hidden=\"false\">\n                    <div class=\"images-slider__single-contents\">\n                        <img data-flickity-lazyload=\"https:\/\/www.vaia.eu\/wp-content\/uploads\/2023\/10\/590x590-vaier-2.jpg\" class=\"skip-lazy\" alt=\"slider image\" width=\"400\" height=\"600\" \/>\n                                                                    <\/div>\n\n                <\/div>\n                            <div class=\"images-slider__single\" aria-hidden=\"false\">\n                    <div class=\"images-slider__single-contents\">\n                        <img data-flickity-lazyload=\"https:\/\/www.vaia.eu\/wp-content\/uploads\/2023\/10\/590x590-vaier-4.jpg\" class=\"skip-lazy\" alt=\"slider image\" width=\"400\" height=\"600\" \/>\n                                                                    <\/div>\n\n                <\/div>\n                            <div class=\"images-slider__single\" aria-hidden=\"false\">\n                    <div class=\"images-slider__single-contents\">\n                        <img data-flickity-lazyload=\"https:\/\/www.vaia.eu\/wp-content\/uploads\/2023\/10\/590x590-vaier-3.jpg\" class=\"skip-lazy\" alt=\"slider image\" width=\"400\" height=\"600\" \/>\n                                                                    <\/div>\n\n                <\/div>\n                            <div class=\"images-slider__single\" aria-hidden=\"false\">\n                    <div class=\"images-slider__single-contents\">\n                        <img data-flickity-lazyload=\"https:\/\/www.vaia.eu\/wp-content\/uploads\/2023\/10\/590x590-vaier-5.jpg\" class=\"skip-lazy\" alt=\"slider image\" width=\"400\" height=\"600\" \/>\n                                                                    <\/div>\n\n                <\/div>\n                            <div class=\"images-slider__single\" aria-hidden=\"false\">\n                    <div class=\"images-slider__single-contents\">\n                        <img data-flickity-lazyload=\"https:\/\/www.vaia.eu\/wp-content\/uploads\/2023\/10\/590x590-vaier-6.jpg\" class=\"skip-lazy\" alt=\"slider image\" width=\"400\" height=\"600\" \/>\n                                                                    <\/div>\n\n                <\/div>\n                            <div class=\"images-slider__single\" aria-hidden=\"false\">\n                    <div class=\"images-slider__single-contents\">\n                        <img data-flickity-lazyload=\"https:\/\/www.vaia.eu\/wp-content\/uploads\/2023\/10\/590x590-vaier-7.jpg\" class=\"skip-lazy\" alt=\"slider image\" width=\"400\" height=\"600\" \/>\n                                                                    <\/div>\n\n                <\/div>\n            \n        <\/div>\n        <span class=\"image-slider-symbol symbol-yellow\">\/\/<\/span>\n    <\/div>\n\n<\/div>\n\n\n<div class=\"testimonials testimonials-bg-lightgreen\">\n    <div class=\"testimonials-container\">\n        \n        <div class=\"testimonials__row\">\n                            <div class=\"testimonials__single\">\n                    <div class=\"testimonials__single-contents\">\n\n                        \n                                                    <span class=\"thetitle thetitle--color-violet\">Martina<\/span>\n                        \n                        \n                                                    <div class=\"thetext\"><p>[&#8230;] Als wir den VAIA Cube testeten, waren wir erstaunt. Wir konnten uns nicht vorstellen, dass ein so einfacher Lautsprecher so gut funktionieren kann, wo wir doch an das Konzept &#8218;je mehr Elektronik drin ist, desto effizienter ist das Produkt&#8216; gew\u00f6hnt sind. Ich habe es sehr gesch\u00e4tzt, dass wir mit diesem Kauf den Geigenwald wieder auff\u00fcllen und dass Holz von &#8222;unvollkommenen&#8220; B\u00e4umen verwendet wurde, so wie es die Natur in ihrer eigentlichen Vollkommenheit vorgesehen hat. Vielen Dank f\u00fcr das, was Sie tun.<\/p>\n<\/div>\n                        \n                    <\/div>\n\n                <\/div>\n                            <div class=\"testimonials__single\">\n                    <div class=\"testimonials__single-contents\">\n\n                        \n                                                    <span class=\"thetitle thetitle--color-violet\">Christoph<\/span>\n                        \n                        \n                                                    <div class=\"thetext\"><p>Eine Woche vor Weihnachten war ich mit einer leichten, aber unangenehmen Covid-Infektion ans Bett gefesselt und h\u00f6rte Musik \u00fcber das Iphone und Bluetooth-Lautsprecher. Nach ein paar Stunden musste ich mich wieder aufladen. Da ich mir bewusst war, dass ich in einer solchen Zeit keine Energie verschwenden sollte, las ich in einer Zeitung \u00fcber Ihren W\u00fcrfel und bestellte sofort zwei davon online. Einen f\u00fcr mich und einen f\u00fcr einen Freund, der ihn jetzt stundenlang in seiner Werkstatt benutzt. Die Tatsache, dass das Holz seine eigene Geschichte hat und dass Sie B\u00e4ume pflanzen, war ein sehr sch\u00f6ner Bonus.<\/p>\n<\/div>\n                        \n                    <\/div>\n\n                <\/div>\n                            <div class=\"testimonials__single\">\n                    <div class=\"testimonials__single-contents\">\n\n                        \n                                                    <span class=\"thetitle thetitle--color-violet\">Marta<\/span>\n                        \n                        \n                                                    <div class=\"thetext\"><p>[&#8230;] Es war um die Weihnachtszeit herum und ich hatte einen, oder besser gesagt drei besondere Menschen zu beschenken: Lucio, das Kind mit den gr\u00f6\u00dften und sch\u00f6nsten Augen, das ich je gekannt habe, Sohn von Arianna, meiner geliebten Schwester, und Giulio. Sie leben in Bologna, tr\u00e4umen aber von einem Haus in den Bergen, weil man nicht mehr im Zement und weit weg von B\u00e4umen, Klettern, Tieren, Wasser und guter Luft leben kann. Das sagt Arianna, meine Schwester, und sie hat Recht. F\u00fcr uns zwei kleine M\u00e4dchen waren die Berge in den 80er und 90er Jahren der gl\u00fccklichste Ort der Welt. Wie sie tr\u00e4ume auch ich davon, den Weg in die gute Luft zu finden.<\/p>\n<\/div>\n                        \n                    <\/div>\n\n                <\/div>\n                            <div class=\"testimonials__single\">\n                    <div class=\"testimonials__single-contents\">\n\n                        \n                                                    <span class=\"thetitle thetitle--color-violet\">Tullio<\/span>\n                        \n                        \n                                                    <div class=\"thetext\"><p>Ihre Initiative hat mir das Herz ge\u00f6ffnet. Ich bin 72 Jahre alt und Sie haben mir gezeigt, dass es trotz allem eine Zukunft gibt, auch im Trentino. Ich habe Ihren Artikel bestellt. Perfekte Verpackung und Lieferung. Es funktioniert auch sehr gut und das Design ist sehr sch\u00f6n. Und der Gedanke, dass auch mit meinem Beitrag irgendwo ein neuer Baum steht, macht mich gl\u00fccklich. Au\u00dferdem k\u00e4mpfe ich jeden Tag mit denen, die das Trentino f\u00fcr eine Art Disneyland halten, und zu wissen, dass es Unternehmen wie Ihres gibt, tr\u00f6stet mich. Halten Sie durch.<\/p>\n<\/div>\n                        \n                    <\/div>\n\n                <\/div>\n            \n        <\/div>\n            <\/div>\n\n<\/div>\n","protected":false},"excerpt":{"rendered":"","protected":false},"author":1,"featured_media":0,"parent":4072,"menu_order":0,"comment_status":"closed","ping_status":"closed","template":"","meta":{"_acf_changed":false,"_crdt_document":"","content-type":"","footnotes":""},"class_list":["post-4080","page","type-page","status-publish","hentry"],"acf":[],"yoast_head":"<!-- This site is optimized with the Yoast SEO plugin v27.4 - https:\/\/yoast.com\/product\/yoast-seo-wordpress\/ -->\n<title>Vaier | VAIA<\/title>\n<meta name=\"robots\" content=\"index, follow, max-snippet:-1, max-image-preview:large, max-video-preview:-1\" \/>\n<link rel=\"canonical\" href=\"https:\/\/www.vaia.eu\/de\/personen-fur-vaia\/vaier\/\" \/>\n<meta property=\"og:locale\" content=\"de_DE\" \/>\n<meta property=\"og:type\" content=\"article\" \/>\n<meta property=\"og:title\" content=\"Vaier | VAIA\" \/>\n<meta property=\"og:url\" content=\"https:\/\/www.vaia.eu\/de\/personen-fur-vaia\/vaier\/\" \/>\n<meta property=\"og:site_name\" content=\"VAIA\" \/>\n<meta property=\"article:publisher\" content=\"https:\/\/www.facebook.com\/therealvaia\/\" \/>\n<meta property=\"article:modified_time\" content=\"2023-12-05T10:51:46+00:00\" \/>\n<meta name=\"twitter:card\" content=\"summary_large_image\" \/>\n<script type=\"application\/ld+json\" class=\"yoast-schema-graph\">{\"@context\":\"https:\\\/\\\/schema.org\",\"@graph\":[{\"@type\":\"WebPage\",\"@id\":\"https:\\\/\\\/www.vaia.eu\\\/de\\\/personen-fur-vaia\\\/vaier\\\/\",\"url\":\"https:\\\/\\\/www.vaia.eu\\\/de\\\/personen-fur-vaia\\\/vaier\\\/\",\"name\":\"Vaier | VAIA\",\"isPartOf\":{\"@id\":\"https:\\\/\\\/www.vaia.eu\\\/#website\"},\"datePublished\":\"2023-10-26T10:58:54+00:00\",\"dateModified\":\"2023-12-05T10:51:46+00:00\",\"breadcrumb\":{\"@id\":\"https:\\\/\\\/www.vaia.eu\\\/de\\\/personen-fur-vaia\\\/vaier\\\/#breadcrumb\"},\"inLanguage\":\"de\",\"potentialAction\":[{\"@type\":\"ReadAction\",\"target\":[\"https:\\\/\\\/www.vaia.eu\\\/de\\\/personen-fur-vaia\\\/vaier\\\/\"]}]},{\"@type\":\"BreadcrumbList\",\"@id\":\"https:\\\/\\\/www.vaia.eu\\\/de\\\/personen-fur-vaia\\\/vaier\\\/#breadcrumb\",\"itemListElement\":[{\"@type\":\"ListItem\",\"position\":1,\"name\":\"Home\",\"item\":\"https:\\\/\\\/www.vaia.eu\\\/de\\\/\"},{\"@type\":\"ListItem\",\"position\":2,\"name\":\"Personen f\u00fcr VAIA\",\"item\":\"https:\\\/\\\/www.vaia.eu\\\/de\\\/personen-fur-vaia\\\/\"},{\"@type\":\"ListItem\",\"position\":3,\"name\":\"Vaier\"}]},{\"@type\":\"WebSite\",\"@id\":\"https:\\\/\\\/www.vaia.eu\\\/#website\",\"url\":\"https:\\\/\\\/www.vaia.eu\\\/\",\"name\":\"VAIA - Face what matters\",\"description\":\"Face What Matters\",\"publisher\":{\"@id\":\"https:\\\/\\\/www.vaia.eu\\\/#organization\"},\"potentialAction\":[{\"@type\":\"SearchAction\",\"target\":{\"@type\":\"EntryPoint\",\"urlTemplate\":\"https:\\\/\\\/www.vaia.eu\\\/?s={search_term_string}\"},\"query-input\":{\"@type\":\"PropertyValueSpecification\",\"valueRequired\":true,\"valueName\":\"search_term_string\"}}],\"inLanguage\":\"de\"},{\"@type\":\"Organization\",\"@id\":\"https:\\\/\\\/www.vaia.eu\\\/#organization\",\"name\":\"VAIA\",\"url\":\"https:\\\/\\\/www.vaia.eu\\\/\",\"logo\":{\"@type\":\"ImageObject\",\"inLanguage\":\"de\",\"@id\":\"https:\\\/\\\/www.vaia.eu\\\/#\\\/schema\\\/logo\\\/image\\\/\",\"url\":\"https:\\\/\\\/www.vaia.eu\\\/wp-content\\\/uploads\\\/2023\\\/12\\\/logo-vaia.svg\",\"contentUrl\":\"https:\\\/\\\/www.vaia.eu\\\/wp-content\\\/uploads\\\/2023\\\/12\\\/logo-vaia.svg\",\"width\":1000,\"height\":1000,\"caption\":\"VAIA\"},\"image\":{\"@id\":\"https:\\\/\\\/www.vaia.eu\\\/#\\\/schema\\\/logo\\\/image\\\/\"},\"sameAs\":[\"https:\\\/\\\/www.facebook.com\\\/therealvaia\\\/\",\"https:\\\/\\\/www.instagram.com\\\/therealvaia\\\/\",\"https:\\\/\\\/www.linkedin.com\\\/company\\\/vaiasrl\\\/\",\"https:\\\/\\\/www.youtube.com\\\/channel\\\/UCPtTJEh97yiEMm-vE_Ux3Aw\"]}]}<\/script>\n<!-- \/ Yoast SEO plugin. -->","yoast_head_json":{"title":"Vaier | VAIA","robots":{"index":"index","follow":"follow","max-snippet":"max-snippet:-1","max-image-preview":"max-image-preview:large","max-video-preview":"max-video-preview:-1"},"canonical":"https:\/\/www.vaia.eu\/de\/personen-fur-vaia\/vaier\/","og_locale":"de_DE","og_type":"article","og_title":"Vaier | VAIA","og_url":"https:\/\/www.vaia.eu\/de\/personen-fur-vaia\/vaier\/","og_site_name":"VAIA","article_publisher":"https:\/\/www.facebook.com\/therealvaia\/","article_modified_time":"2023-12-05T10:51:46+00:00","twitter_card":"summary_large_image","schema":{"@context":"https:\/\/schema.org","@graph":[{"@type":"WebPage","@id":"https:\/\/www.vaia.eu\/de\/personen-fur-vaia\/vaier\/","url":"https:\/\/www.vaia.eu\/de\/personen-fur-vaia\/vaier\/","name":"Vaier | VAIA","isPartOf":{"@id":"https:\/\/www.vaia.eu\/#website"},"datePublished":"2023-10-26T10:58:54+00:00","dateModified":"2023-12-05T10:51:46+00:00","breadcrumb":{"@id":"https:\/\/www.vaia.eu\/de\/personen-fur-vaia\/vaier\/#breadcrumb"},"inLanguage":"de","potentialAction":[{"@type":"ReadAction","target":["https:\/\/www.vaia.eu\/de\/personen-fur-vaia\/vaier\/"]}]},{"@type":"BreadcrumbList","@id":"https:\/\/www.vaia.eu\/de\/personen-fur-vaia\/vaier\/#breadcrumb","itemListElement":[{"@type":"ListItem","position":1,"name":"Home","item":"https:\/\/www.vaia.eu\/de\/"},{"@type":"ListItem","position":2,"name":"Personen f\u00fcr VAIA","item":"https:\/\/www.vaia.eu\/de\/personen-fur-vaia\/"},{"@type":"ListItem","position":3,"name":"Vaier"}]},{"@type":"WebSite","@id":"https:\/\/www.vaia.eu\/#website","url":"https:\/\/www.vaia.eu\/","name":"VAIA - Face what matters","description":"Face What Matters","publisher":{"@id":"https:\/\/www.vaia.eu\/#organization"},"potentialAction":[{"@type":"SearchAction","target":{"@type":"EntryPoint","urlTemplate":"https:\/\/www.vaia.eu\/?s={search_term_string}"},"query-input":{"@type":"PropertyValueSpecification","valueRequired":true,"valueName":"search_term_string"}}],"inLanguage":"de"},{"@type":"Organization","@id":"https:\/\/www.vaia.eu\/#organization","name":"VAIA","url":"https:\/\/www.vaia.eu\/","logo":{"@type":"ImageObject","inLanguage":"de","@id":"https:\/\/www.vaia.eu\/#\/schema\/logo\/image\/","url":"https:\/\/www.vaia.eu\/wp-content\/uploads\/2023\/12\/logo-vaia.svg","contentUrl":"https:\/\/www.vaia.eu\/wp-content\/uploads\/2023\/12\/logo-vaia.svg","width":1000,"height":1000,"caption":"VAIA"},"image":{"@id":"https:\/\/www.vaia.eu\/#\/schema\/logo\/image\/"},"sameAs":["https:\/\/www.facebook.com\/therealvaia\/","https:\/\/www.instagram.com\/therealvaia\/","https:\/\/www.linkedin.com\/company\/vaiasrl\/","https:\/\/www.youtube.com\/channel\/UCPtTJEh97yiEMm-vE_Ux3Aw"]}]}},"_links":{"self":[{"href":"https:\/\/www.vaia.eu\/de\/wp-json\/wp\/v2\/pages\/4080","targetHints":{"allow":["GET"]}}],"collection":[{"href":"https:\/\/www.vaia.eu\/de\/wp-json\/wp\/v2\/pages"}],"about":[{"href":"https:\/\/www.vaia.eu\/de\/wp-json\/wp\/v2\/types\/page"}],"author":[{"embeddable":true,"href":"https:\/\/www.vaia.eu\/de\/wp-json\/wp\/v2\/users\/1"}],"replies":[{"embeddable":true,"href":"https:\/\/www.vaia.eu\/de\/wp-json\/wp\/v2\/comments?post=4080"}],"version-history":[{"count":0,"href":"https:\/\/www.vaia.eu\/de\/wp-json\/wp\/v2\/pages\/4080\/revisions"}],"up":[{"embeddable":true,"href":"https:\/\/www.vaia.eu\/de\/wp-json\/wp\/v2\/pages\/4072"}],"wp:attachment":[{"href":"https:\/\/www.vaia.eu\/de\/wp-json\/wp\/v2\/media?parent=4080"}],"curies":[{"name":"wp","href":"https:\/\/api.w.org\/{rel}","templated":true}]}}