{"id":4118,"date":"2022-11-16T15:59:39","date_gmt":"2022-11-16T14:59:39","guid":{"rendered":"https:\/\/www.vaia.eu\/project\/dolomiti\/"},"modified":"2026-02-26T09:28:17","modified_gmt":"2026-02-26T08:28:17","slug":"dolomiten","status":"publish","type":"project","link":"https:\/\/www.vaia.eu\/de\/project\/dolomiten\/","title":{"rendered":"Dolomiten"},"content":{"rendered":"\n<div class=\"fascia-inizio-img-cta  bgcolor-darkgreen \">\n    <div class=\"fascia-inizio-img-cta__inner\">\n\n        <div class=\"testi\">\n            <!-- TITOLO 1 -->\n            \n            <!-- TITOLO 2 -->\n\n                            <span class=\"title-2 \">Dolomiten <\/span>\n\n                \n            <!-- SEPARATORE -->\n                        <span class=\"separator  separator-color-white \">\/\/<\/span>\n\n            <!-- SOTTOTITOLO -->\n                            <div class=\"subtitle  subtitlecolor-yellow \"><p>Im Jahr 2018 zwang der Sturm Vaia die Dolomiten in die Knie und f\u00e4llte 42 Millionen B\u00e4ume. Dies ist das urspr\u00fcngliche Projekt von VAIA: Wir haben beschlossen, zu handeln und unseren Beitrag zu leisten. <\/p>\n<\/div>\n            \n        <\/div>\n\n        <!-- IMMAGINE -->\n        <div class=\"image\">\n                                <img loading=\"lazy\" decoding=\"async\" width=\"400\" height=\"400\" src=\"https:\/\/www.vaia.eu\/wp-content\/uploads\/2022\/11\/665x755_PROGETTI_DOLOMITI.jpg\" alt=\"665x755_PROGETTI_DOLOMITI\">\n                    \n        <\/div>\n\n    <\/div>\n<\/div>\n\n\n<div class=\"numbers numbers-bg-green\">\n    <div class=\"numbers-container\">\n                    <span class=\"headingnumber-title heading-color-lightyellow\">\n            Unser Einfluss        <\/span>\n            \n        <div class=\"numbers__row\">\n                            <div class=\"number__col number-color-yellow number-text-color-lightyellow number-symbol-color-darkgreen\">\n                    <span class=\"thenumber\">200.000<\/span>\n                                            <span class=\"thenumber-text\">Gepflanzte B\u00e4ume<\/span>\n                                    <\/div>\n                            <div class=\"number__col number-color-yellow number-text-color-lightyellow number-symbol-color-darkgreen\">\n                    <span class=\"thenumber\">1.000 ton<\/span>\n                                            <span class=\"thenumber-text\">Kompensiertes CO<sub>2<\/sub><\/span>\n                                    <\/div>\n                            <div class=\"number__col number-color-yellow number-text-color-lightyellow number-symbol-color-darkgreen\">\n                    <span class=\"thenumber\">133 hektar<\/span>\n                                            <span class=\"thenumber-text\">Wald rekultiviert<\/span>\n                                    <\/div>\n                            <div class=\"number__col number-color-yellow number-text-color-lightyellow number-symbol-color-darkgreen\">\n                    <span class=\"thenumber\">15 Handwerker<\/span>\n                                            <span class=\"thenumber-text\">beteiligte<\/span>\n                                    <\/div>\n                            <div class=\"number__col number-color-yellow number-text-color-lightyellow number-symbol-color-darkgreen\">\n                    <span class=\"thenumber\">500 ton<\/span>\n                                            <span class=\"thenumber-text\">aus Altholz<\/span>\n                                    <\/div>\n                            <div class=\"number__col number-color-yellow number-text-color-lightyellow number-symbol-color-darkgreen\">\n                    <span class=\"thenumber\">173 ton<\/span>\n                                            <span class=\"thenumber-text\">In unseren Produkten gespeichertes CO<sub>2<\/sub><\/span>\n                                    <\/div>\n                    <\/div>\n    <\/div>\n\n<\/div>\n\n\n<div class=\"title-vertical-band  bgcolor-transparent  alignment-title-left \">\n    <div class=\"component-container\">\n                    <div class=\"title-container\"><span class=\"title-1  titlesize-medium  titlecolor-green \">Was ist passiert?<\/span><\/div>\n                                <div class=\"subtitle  subtitlesize-medium  subtitlecolor-darkgreen \"><p>Ein Wetterereignis au\u00dfergew\u00f6hnlichen Ausma\u00dfes, die verheerendste Naturkatastrophe der letzten 50 Jahre in Italien: ein Beweis daf\u00fcr, dass mit unserem Planeten etwas passiert und dass wir nicht l\u00e4nger tatenlos zusehen k\u00f6nnen.<br \/>\nWie k\u00f6nnen wir auf die unvorhersehbaren Folgen des Klimawandels reagieren? <\/p>\n<\/div>\n                <\/div>\n\n<\/div>\n\n\n<div class=\"video-area-home\"  style=\"background:url(https:\/\/www.vaia.eu\/wp-content\/uploads\/2022\/11\/1920x1080-anteprima-video-droni.jpg) no-repeat left center; background-size:cover;\" >\n    <div class=\"video-container\">\n                    <span class=\"video-title video-title-color-lightyellow\"><\/span>\n            \n        \n            <a href=\"https:\/\/www.youtube.com\/watch?v=pouEStBZgbM\" class=\"button swipebox  button-secondary \" data-rel=\"lightbox-image-0\" title=\"PLAY VIDEO\">\n                PLAY VIDEO            <\/a>\n\n                <\/div>\n\n<\/div>\n\n\n<div class=\"title-vertical-band  bgcolor-transparent  alignment-title-right \">\n    <div class=\"component-container\">\n                    <div class=\"title-container\"><span class=\"title-1  titlesize-medium  titlecolor-green \">Wie haben wir reagiert? <\/span><\/div>\n                                <div class=\"subtitle  subtitlesize-medium  subtitlecolor-darkgreen \"><p>Wir haben umgest\u00fcrzte B\u00e4ume, die als &#8222;Abfall&#8220; galten, aufgearbeitet und in eine wertvolle Ressource verwandelt. Dabei haben wir eine ausschlie\u00dflich lokale Lieferkette aufgewertet: Holzf\u00e4ller, Schreiner und Handwerker aus der Region. Dann haben wir ein Team von Designern zusammengestellt, um ein ikonisches Objekt zu entwerfen, das die Ger\u00e4usche, aber auch unsere Energie und unseren Wunsch, uns zu engagieren, verst\u00e4rken soll. Schlie\u00dflich schlossen wir den Kreis und gaben dem \u00d6kosystem zur\u00fcck, was es verloren hatte: die W\u00e4lder. So pflanzen wir f\u00fcr jeden verkauften W\u00fcrfel einen neuen Baum in den Dolomiten. <\/p>\n<\/div>\n                <\/div>\n\n<\/div>\n\n\n<div class=\"wp-block-image nomargin-full\">\n<figure class=\"aligncenter size-large\"><img loading=\"lazy\" decoding=\"async\" width=\"1024\" height=\"240\" src=\"https:\/\/www.vaia.eu\/wp-content\/uploads\/2022\/09\/11-cube-DE-1024x240.jpg\" alt=\"1 gekaufter cube = 1 gepflanzter Baum\" class=\"wp-image-6940\" title=\"Dolomiti\" srcset=\"https:\/\/www.vaia.eu\/wp-content\/uploads\/2022\/09\/11-cube-DE-1024x240.jpg 1024w, https:\/\/www.vaia.eu\/wp-content\/uploads\/2022\/09\/11-cube-DE-300x70.jpg 300w, https:\/\/www.vaia.eu\/wp-content\/uploads\/2022\/09\/11-cube-DE-768x180.jpg 768w, https:\/\/www.vaia.eu\/wp-content\/uploads\/2022\/09\/11-cube-DE-600x141.jpg 600w, https:\/\/www.vaia.eu\/wp-content\/uploads\/2022\/09\/11-cube-DE.jpg 1280w\" sizes=\"auto, (max-width: 1024px) 100vw, 1024px\" \/><\/figure>\n<\/div>\n\n\n<div class=\"title-subtitle-cta-band  bgcolor-transparent \">\n    <div class=\"component-container\">\n        <div class=\" display-block \">\n                        <span class=\"title-1  titlesize-medium  titlecolor-darkgreen \">Unsere Produkte<\/span>\n                \n            \n        <\/div>\n\n\n        \n\n            \n        \n            \n        \n    <\/div>\n<\/div>\n\n\n<div class=\"images-slider images-slider-bg-yellow\">\n    <div class=\"images-slider-container\">\n        \n        <div class=\"images-slider__row\">\n                            <div class=\"images-slider__single\" aria-hidden=\"false\">\n                    <div class=\"images-slider__single-contents\">\n                        <img data-flickity-lazyload=\"https:\/\/www.vaia.eu\/wp-content\/uploads\/2022\/11\/665x755_CUBE.jpg\" class=\"skip-lazy\" alt=\"slider image\" width=\"400\" height=\"600\" \/>\n                                                    <span class=\"thetitle thetitle--color-lightyellow\">VERST\u00c4RKT DIE WIEDERGEBURT<\/span>\n                                                                            <a class=\"button\" href=\"\/prodotto\/vaia-cube\/\" title=\"ENTDECKE DEN VAIA CUBE \">ENTDECKE DEN VAIA CUBE <\/a>\n                                            <\/div>\n\n                <\/div>\n                            <div class=\"images-slider__single\" aria-hidden=\"false\">\n                    <div class=\"images-slider__single-contents\">\n                        <img data-flickity-lazyload=\"https:\/\/www.vaia.eu\/wp-content\/uploads\/2022\/11\/665x755_IMPERFETTO.jpg\" class=\"skip-lazy\" alt=\"slider image\" width=\"400\" height=\"600\" \/>\n                                                    <span class=\"thetitle thetitle--color-lightyellow\">DIE SCH\u00d6NHEIT DER EINZIGARTIGKEIT<\/span>\n                                                                            <a class=\"button\" href=\"https:\/\/www.vaia.eu\/prodotto\/vaia-cube-imperfetto\/\" title=\"ENTDECKE DEN VAIA CUBE imperfetto\">ENTDECKE DEN VAIA CUBE imperfetto<\/a>\n                                            <\/div>\n\n                <\/div>\n                            <div class=\"images-slider__single\" aria-hidden=\"false\">\n                    <div class=\"images-slider__single-contents\">\n                        <img data-flickity-lazyload=\"https:\/\/www.vaia.eu\/wp-content\/uploads\/2022\/11\/665x755_JOY-2-1.jpg\" class=\"skip-lazy\" alt=\"slider image\" width=\"400\" height=\"600\" \/>\n                                                    <span class=\"thetitle thetitle--color-lightyellow\">DIE ENERGIE DER FARBEN<\/span>\n                                                                            <a class=\"button\" href=\"https:\/\/www.vaia.eu\/prodotto\/vaia-cube-joy\/\" title=\"ENTDECKE DEN VAIA CUBE JOY \">ENTDECKE DEN VAIA CUBE JOY <\/a>\n                                            <\/div>\n\n                <\/div>\n            \n        <\/div>\n        <span class=\"image-slider-symbol symbol-darkgreen\">\/\/<\/span>\n    <\/div>\n\n<\/div>\n\n\n\n<div class=\"title-content-cta-band \">\n    <div class=\"component-container\">\n\n        <span class=\"title-1\"><\/span>\n\n                \n        \n    <\/div>\n<\/div>\n\n\n\n<div class=\"title-subtitle-cta-band  bgcolor-transparent \">\n    <div class=\"component-container\">\n        <div class=\" display-block \">\n                        <span class=\"title-1  titlesize-medium  titlecolor-violet \">Aufgeforstete Fl\u00e4chen<\/span>\n                \n            \n        <\/div>\n\n\n        \n\n            \n        \n            \n        \n    <\/div>\n<\/div>\n\n\n<div class=\"wp-block-image nomargin-full\">\n<figure class=\"aligncenter size-large\"><img loading=\"lazy\" decoding=\"async\" width=\"971\" height=\"1024\" src=\"https:\/\/www.vaia.eu\/wp-content\/uploads\/2023\/10\/1280x1300-Mappa-piantumazione-971x1024.jpg\" alt=\"\" class=\"wp-image-3013\" title=\"Dolomiti\" srcset=\"https:\/\/www.vaia.eu\/wp-content\/uploads\/2023\/10\/1280x1300-Mappa-piantumazione-971x1024.jpg 971w, https:\/\/www.vaia.eu\/wp-content\/uploads\/2023\/10\/1280x1300-Mappa-piantumazione-284x300.jpg 284w, https:\/\/www.vaia.eu\/wp-content\/uploads\/2023\/10\/1280x1300-Mappa-piantumazione-768x810.jpg 768w, https:\/\/www.vaia.eu\/wp-content\/uploads\/2023\/10\/1280x1300-Mappa-piantumazione-600x633.jpg 600w, https:\/\/www.vaia.eu\/wp-content\/uploads\/2023\/10\/1280x1300-Mappa-piantumazione.jpg 1280w\" sizes=\"auto, (max-width: 971px) 100vw, 971px\" \/><\/figure>\n<\/div>\n\n\n<div class=\"title-subtitle-cta-band  bgcolor-transparent \">\n    <div class=\"component-container\">\n        <div class=\" display-block \">\n                        <span class=\"title-1  titlesize-medium  titlecolor-darkgreen \">Gemeinsam die W\u00e4lder von morgen bauen<\/span>\n                \n            \n        <\/div>\n\n\n        \n\n            \n        \n            \n        \n    <\/div>\n<\/div>\n\n\n<div class=\"wp-block-image nomargin-full\">\n<figure class=\"aligncenter size-large\"><img loading=\"lazy\" decoding=\"async\" width=\"728\" height=\"1024\" src=\"https:\/\/www.vaia.eu\/wp-content\/uploads\/2024\/01\/infografica-tempesta-2-DE-728x1024.jpg\" alt=\"\" class=\"wp-image-6958\" title=\"Dolomiti\" srcset=\"https:\/\/www.vaia.eu\/wp-content\/uploads\/2024\/01\/infografica-tempesta-2-DE-728x1024.jpg 728w, https:\/\/www.vaia.eu\/wp-content\/uploads\/2024\/01\/infografica-tempesta-2-DE-213x300.jpg 213w, https:\/\/www.vaia.eu\/wp-content\/uploads\/2024\/01\/infografica-tempesta-2-DE-768x1080.jpg 768w, https:\/\/www.vaia.eu\/wp-content\/uploads\/2024\/01\/infografica-tempesta-2-DE-1092x1536.jpg 1092w, https:\/\/www.vaia.eu\/wp-content\/uploads\/2024\/01\/infografica-tempesta-2-DE-600x844.jpg 600w, https:\/\/www.vaia.eu\/wp-content\/uploads\/2024\/01\/infografica-tempesta-2-DE.jpg 1280w\" sizes=\"auto, (max-width: 728px) 100vw, 728px\" \/><\/figure>\n<\/div>\n\n\n<div class=\"title-subtitle-cta-band  bgcolor-transparent \">\n    <div class=\"component-container\">\n        <div class=\" display-block \">\n                        <span class=\"title-1  titlesize-medium  titlecolor-darkgreen \">Ein wertvoller Rohstoff<\/span>\n                \n            \n        <\/div>\n\n\n        \n\n            \n        \n            \n        \n    <\/div>\n<\/div>\n\n\n<div class=\"cards cards-bg-lightyellow\">\n\n    \n    <div class=\"cards__row\">\n                    <div class=\"cards__col col-color-violet content-title-color-yellow content-card-color-lightyellow\">\n                <div class=\"g-card\">\n    \n    \n            <div class=\"g-card__content\">\n            <p>VAIA-Holz stammt von den B\u00e4umen, die Geigenbauer aller Zeiten wegen ihrer Resonanzqualit\u00e4t ausgew\u00e4hlt haben: Der Sturm hat sie zerst\u00f6rt, wir geben ihnen ihren Wert und ihre neue W\u00fcrde zur\u00fcck.<\/p>\n        <\/div>\n    \n    \n    <\/div>\n            <\/div>\n                    <div class=\"cards__col col-color-violet content-title-color-yellow content-card-color-lightyellow\">\n                <div class=\"g-card\">\n    \n    \n            <div class=\"g-card__content\">\n            <p>ist ein unebenes und unregelm\u00e4\u00dfig gebrochenes Holz, das die Konstruktion gro\u00dfer Objekte nicht zul\u00e4sst: eine scheinbare Einschr\u00e4nkung, die wir in ein charakteristisches Element unseres Stils verwandeln. <\/p>\n        <\/div>\n    \n    \n    <\/div>\n            <\/div>\n                    <div class=\"cards__col col-color-violet content-title-color-yellow content-card-color-lightyellow\">\n                <div class=\"g-card\">\n    \n    \n            <div class=\"g-card__content\">\n            <p>ist ein Holz, das oft wettergebeizt ist: kein Mangel, sondern ein Mehrwert, der Kreationen wie den VAIA CUBE imperfetto einzigartig macht.<\/p>\n        <\/div>\n    \n    \n    <\/div>\n            <\/div>\n            <\/div>\n<\/div>\n\n\n\n<div class=\"title-subtitle-cta-band  bgcolor-transparent \">\n    <div class=\"component-container\">\n        <div class=\" display-block \">\n                        <span class=\"title-1  titlesize-medium  titlecolor-violet \">Der Sturm Vaia<\/span>\n                \n            \n        <\/div>\n\n\n        \n\n            \n        \n            \n        \n    <\/div>\n<\/div>\n\n\n<div class=\"wp-block-image nomargin-full\">\n<figure class=\"aligncenter size-large\"><img loading=\"lazy\" decoding=\"async\" width=\"847\" height=\"1024\" src=\"https:\/\/www.vaia.eu\/wp-content\/uploads\/2024\/01\/infografica-tempesta-DE-847x1024.jpg\" alt=\"\" class=\"wp-image-6962\" title=\"Dolomiti\" srcset=\"https:\/\/www.vaia.eu\/wp-content\/uploads\/2024\/01\/infografica-tempesta-DE-847x1024.jpg 847w, https:\/\/www.vaia.eu\/wp-content\/uploads\/2024\/01\/infografica-tempesta-DE-248x300.jpg 248w, https:\/\/www.vaia.eu\/wp-content\/uploads\/2024\/01\/infografica-tempesta-DE-768x928.jpg 768w, https:\/\/www.vaia.eu\/wp-content\/uploads\/2024\/01\/infografica-tempesta-DE-1271x1536.jpg 1271w, https:\/\/www.vaia.eu\/wp-content\/uploads\/2024\/01\/infografica-tempesta-DE-600x725.jpg 600w, https:\/\/www.vaia.eu\/wp-content\/uploads\/2024\/01\/infografica-tempesta-DE.jpg 1280w\" sizes=\"auto, (max-width: 847px) 100vw, 847px\" \/><\/figure>\n<\/div>","protected":false},"excerpt":{"rendered":"<p>Junge lokale Designer und Handwerker f\u00fcr die W\u00e4lder von morgen.<\/p>\n","protected":false},"author":1,"featured_media":2407,"template":"","meta":{"_acf_changed":false,"_crdt_document":"","content-type":"","footnotes":""},"class_list":["post-4118","project","type-project","status-publish","has-post-thumbnail","hentry","tipologia-tematici-de"],"acf":[],"yoast_head":"<!-- This site is optimized with the Yoast SEO plugin v27.4 - https:\/\/yoast.com\/product\/yoast-seo-wordpress\/ -->\n<title>Dolomiten Projekt | 200.000 B\u00e4ume | VAIA<\/title>\n<meta name=\"description\" content=\"Entdecken Sie, wie der VAIA Cube unser Aufforstungsprojekt in den Dolomiten nach dem verheerenden Sturm Vaia unterst\u00fctzt.\" \/>\n<meta name=\"robots\" content=\"index, follow, max-snippet:-1, max-image-preview:large, max-video-preview:-1\" \/>\n<link rel=\"canonical\" href=\"https:\/\/www.vaia.eu\/de\/project\/dolomiten\/\" \/>\n<meta property=\"og:locale\" content=\"de_DE\" \/>\n<meta property=\"og:type\" content=\"article\" \/>\n<meta property=\"og:title\" content=\"Dolomiten Projekt | 200.000 B\u00e4ume | VAIA\" \/>\n<meta property=\"og:description\" content=\"Entdecken Sie, wie der VAIA Cube unser Aufforstungsprojekt in den Dolomiten nach dem verheerenden Sturm Vaia unterst\u00fctzt.\" \/>\n<meta property=\"og:url\" content=\"https:\/\/www.vaia.eu\/de\/project\/dolomiten\/\" \/>\n<meta property=\"og:site_name\" content=\"VAIA\" \/>\n<meta property=\"article:publisher\" content=\"https:\/\/www.facebook.com\/therealvaia\/\" \/>\n<meta property=\"article:modified_time\" content=\"2026-02-26T08:28:17+00:00\" \/>\n<meta property=\"og:image\" content=\"https:\/\/www.vaia.eu\/wp-content\/uploads\/2022\/11\/665x755_PROGETTI_DOLOMITI.jpg\" \/>\n\t<meta property=\"og:image:width\" content=\"665\" \/>\n\t<meta property=\"og:image:height\" content=\"755\" \/>\n\t<meta property=\"og:image:type\" content=\"image\/jpeg\" \/>\n<meta name=\"twitter:card\" content=\"summary_large_image\" \/>\n<meta name=\"twitter:label1\" content=\"Gesch\u00e4tzte Lesezeit\" \/>\n\t<meta name=\"twitter:data1\" content=\"1\u00a0Minute\" \/>\n<script type=\"application\/ld+json\" class=\"yoast-schema-graph\">{\"@context\":\"https:\\\/\\\/schema.org\",\"@graph\":[{\"@type\":\"WebPage\",\"@id\":\"https:\\\/\\\/www.vaia.eu\\\/de\\\/project\\\/dolomiten\\\/\",\"url\":\"https:\\\/\\\/www.vaia.eu\\\/de\\\/project\\\/dolomiten\\\/\",\"name\":\"Dolomiten Projekt | 200.000 B\u00e4ume | VAIA\",\"isPartOf\":{\"@id\":\"https:\\\/\\\/www.vaia.eu\\\/#website\"},\"primaryImageOfPage\":{\"@id\":\"https:\\\/\\\/www.vaia.eu\\\/de\\\/project\\\/dolomiten\\\/#primaryimage\"},\"image\":{\"@id\":\"https:\\\/\\\/www.vaia.eu\\\/de\\\/project\\\/dolomiten\\\/#primaryimage\"},\"thumbnailUrl\":\"https:\\\/\\\/www.vaia.eu\\\/wp-content\\\/uploads\\\/2022\\\/11\\\/665x755_PROGETTI_DOLOMITI.jpg\",\"datePublished\":\"2022-11-16T14:59:39+00:00\",\"dateModified\":\"2026-02-26T08:28:17+00:00\",\"description\":\"Entdecken Sie, wie der VAIA Cube unser Aufforstungsprojekt in den Dolomiten nach dem verheerenden Sturm Vaia unterst\u00fctzt.\",\"breadcrumb\":{\"@id\":\"https:\\\/\\\/www.vaia.eu\\\/de\\\/project\\\/dolomiten\\\/#breadcrumb\"},\"inLanguage\":\"de\",\"potentialAction\":[{\"@type\":\"ReadAction\",\"target\":[\"https:\\\/\\\/www.vaia.eu\\\/de\\\/project\\\/dolomiten\\\/\"]}]},{\"@type\":\"ImageObject\",\"inLanguage\":\"de\",\"@id\":\"https:\\\/\\\/www.vaia.eu\\\/de\\\/project\\\/dolomiten\\\/#primaryimage\",\"url\":\"https:\\\/\\\/www.vaia.eu\\\/wp-content\\\/uploads\\\/2022\\\/11\\\/665x755_PROGETTI_DOLOMITI.jpg\",\"contentUrl\":\"https:\\\/\\\/www.vaia.eu\\\/wp-content\\\/uploads\\\/2022\\\/11\\\/665x755_PROGETTI_DOLOMITI.jpg\",\"width\":665,\"height\":755},{\"@type\":\"BreadcrumbList\",\"@id\":\"https:\\\/\\\/www.vaia.eu\\\/de\\\/project\\\/dolomiten\\\/#breadcrumb\",\"itemListElement\":[{\"@type\":\"ListItem\",\"position\":1,\"name\":\"Home\",\"item\":\"https:\\\/\\\/www.vaia.eu\\\/de\\\/\"},{\"@type\":\"ListItem\",\"position\":2,\"name\":\"Dolomiten\"}]},{\"@type\":\"WebSite\",\"@id\":\"https:\\\/\\\/www.vaia.eu\\\/#website\",\"url\":\"https:\\\/\\\/www.vaia.eu\\\/\",\"name\":\"VAIA - Face what matters\",\"description\":\"Face What Matters\",\"publisher\":{\"@id\":\"https:\\\/\\\/www.vaia.eu\\\/#organization\"},\"potentialAction\":[{\"@type\":\"SearchAction\",\"target\":{\"@type\":\"EntryPoint\",\"urlTemplate\":\"https:\\\/\\\/www.vaia.eu\\\/?s={search_term_string}\"},\"query-input\":{\"@type\":\"PropertyValueSpecification\",\"valueRequired\":true,\"valueName\":\"search_term_string\"}}],\"inLanguage\":\"de\"},{\"@type\":\"Organization\",\"@id\":\"https:\\\/\\\/www.vaia.eu\\\/#organization\",\"name\":\"VAIA\",\"url\":\"https:\\\/\\\/www.vaia.eu\\\/\",\"logo\":{\"@type\":\"ImageObject\",\"inLanguage\":\"de\",\"@id\":\"https:\\\/\\\/www.vaia.eu\\\/#\\\/schema\\\/logo\\\/image\\\/\",\"url\":\"https:\\\/\\\/www.vaia.eu\\\/wp-content\\\/uploads\\\/2023\\\/12\\\/logo-vaia.svg\",\"contentUrl\":\"https:\\\/\\\/www.vaia.eu\\\/wp-content\\\/uploads\\\/2023\\\/12\\\/logo-vaia.svg\",\"width\":1000,\"height\":1000,\"caption\":\"VAIA\"},\"image\":{\"@id\":\"https:\\\/\\\/www.vaia.eu\\\/#\\\/schema\\\/logo\\\/image\\\/\"},\"sameAs\":[\"https:\\\/\\\/www.facebook.com\\\/therealvaia\\\/\",\"https:\\\/\\\/www.instagram.com\\\/therealvaia\\\/\",\"https:\\\/\\\/www.linkedin.com\\\/company\\\/vaiasrl\\\/\",\"https:\\\/\\\/www.youtube.com\\\/channel\\\/UCPtTJEh97yiEMm-vE_Ux3Aw\"]}]}<\/script>\n<!-- \/ Yoast SEO plugin. -->","yoast_head_json":{"title":"Dolomiten Projekt | 200.000 B\u00e4ume | VAIA","description":"Entdecken Sie, wie der VAIA Cube unser Aufforstungsprojekt in den Dolomiten nach dem verheerenden Sturm Vaia unterst\u00fctzt.","robots":{"index":"index","follow":"follow","max-snippet":"max-snippet:-1","max-image-preview":"max-image-preview:large","max-video-preview":"max-video-preview:-1"},"canonical":"https:\/\/www.vaia.eu\/de\/project\/dolomiten\/","og_locale":"de_DE","og_type":"article","og_title":"Dolomiten Projekt | 200.000 B\u00e4ume | VAIA","og_description":"Entdecken Sie, wie der VAIA Cube unser Aufforstungsprojekt in den Dolomiten nach dem verheerenden Sturm Vaia unterst\u00fctzt.","og_url":"https:\/\/www.vaia.eu\/de\/project\/dolomiten\/","og_site_name":"VAIA","article_publisher":"https:\/\/www.facebook.com\/therealvaia\/","article_modified_time":"2026-02-26T08:28:17+00:00","og_image":[{"width":665,"height":755,"url":"https:\/\/www.vaia.eu\/wp-content\/uploads\/2022\/11\/665x755_PROGETTI_DOLOMITI.jpg","type":"image\/jpeg"}],"twitter_card":"summary_large_image","twitter_misc":{"Gesch\u00e4tzte Lesezeit":"1\u00a0Minute"},"schema":{"@context":"https:\/\/schema.org","@graph":[{"@type":"WebPage","@id":"https:\/\/www.vaia.eu\/de\/project\/dolomiten\/","url":"https:\/\/www.vaia.eu\/de\/project\/dolomiten\/","name":"Dolomiten Projekt | 200.000 B\u00e4ume | VAIA","isPartOf":{"@id":"https:\/\/www.vaia.eu\/#website"},"primaryImageOfPage":{"@id":"https:\/\/www.vaia.eu\/de\/project\/dolomiten\/#primaryimage"},"image":{"@id":"https:\/\/www.vaia.eu\/de\/project\/dolomiten\/#primaryimage"},"thumbnailUrl":"https:\/\/www.vaia.eu\/wp-content\/uploads\/2022\/11\/665x755_PROGETTI_DOLOMITI.jpg","datePublished":"2022-11-16T14:59:39+00:00","dateModified":"2026-02-26T08:28:17+00:00","description":"Entdecken Sie, wie der VAIA Cube unser Aufforstungsprojekt in den Dolomiten nach dem verheerenden Sturm Vaia unterst\u00fctzt.","breadcrumb":{"@id":"https:\/\/www.vaia.eu\/de\/project\/dolomiten\/#breadcrumb"},"inLanguage":"de","potentialAction":[{"@type":"ReadAction","target":["https:\/\/www.vaia.eu\/de\/project\/dolomiten\/"]}]},{"@type":"ImageObject","inLanguage":"de","@id":"https:\/\/www.vaia.eu\/de\/project\/dolomiten\/#primaryimage","url":"https:\/\/www.vaia.eu\/wp-content\/uploads\/2022\/11\/665x755_PROGETTI_DOLOMITI.jpg","contentUrl":"https:\/\/www.vaia.eu\/wp-content\/uploads\/2022\/11\/665x755_PROGETTI_DOLOMITI.jpg","width":665,"height":755},{"@type":"BreadcrumbList","@id":"https:\/\/www.vaia.eu\/de\/project\/dolomiten\/#breadcrumb","itemListElement":[{"@type":"ListItem","position":1,"name":"Home","item":"https:\/\/www.vaia.eu\/de\/"},{"@type":"ListItem","position":2,"name":"Dolomiten"}]},{"@type":"WebSite","@id":"https:\/\/www.vaia.eu\/#website","url":"https:\/\/www.vaia.eu\/","name":"VAIA - Face what matters","description":"Face What Matters","publisher":{"@id":"https:\/\/www.vaia.eu\/#organization"},"potentialAction":[{"@type":"SearchAction","target":{"@type":"EntryPoint","urlTemplate":"https:\/\/www.vaia.eu\/?s={search_term_string}"},"query-input":{"@type":"PropertyValueSpecification","valueRequired":true,"valueName":"search_term_string"}}],"inLanguage":"de"},{"@type":"Organization","@id":"https:\/\/www.vaia.eu\/#organization","name":"VAIA","url":"https:\/\/www.vaia.eu\/","logo":{"@type":"ImageObject","inLanguage":"de","@id":"https:\/\/www.vaia.eu\/#\/schema\/logo\/image\/","url":"https:\/\/www.vaia.eu\/wp-content\/uploads\/2023\/12\/logo-vaia.svg","contentUrl":"https:\/\/www.vaia.eu\/wp-content\/uploads\/2023\/12\/logo-vaia.svg","width":1000,"height":1000,"caption":"VAIA"},"image":{"@id":"https:\/\/www.vaia.eu\/#\/schema\/logo\/image\/"},"sameAs":["https:\/\/www.facebook.com\/therealvaia\/","https:\/\/www.instagram.com\/therealvaia\/","https:\/\/www.linkedin.com\/company\/vaiasrl\/","https:\/\/www.youtube.com\/channel\/UCPtTJEh97yiEMm-vE_Ux3Aw"]}]}},"_links":{"self":[{"href":"https:\/\/www.vaia.eu\/de\/wp-json\/wp\/v2\/project\/4118","targetHints":{"allow":["GET"]}}],"collection":[{"href":"https:\/\/www.vaia.eu\/de\/wp-json\/wp\/v2\/project"}],"about":[{"href":"https:\/\/www.vaia.eu\/de\/wp-json\/wp\/v2\/types\/project"}],"author":[{"embeddable":true,"href":"https:\/\/www.vaia.eu\/de\/wp-json\/wp\/v2\/users\/1"}],"version-history":[{"count":5,"href":"https:\/\/www.vaia.eu\/de\/wp-json\/wp\/v2\/project\/4118\/revisions"}],"predecessor-version":[{"id":54422,"href":"https:\/\/www.vaia.eu\/de\/wp-json\/wp\/v2\/project\/4118\/revisions\/54422"}],"wp:featuredmedia":[{"embeddable":true,"href":"https:\/\/www.vaia.eu\/de\/wp-json\/wp\/v2\/media\/2407"}],"wp:attachment":[{"href":"https:\/\/www.vaia.eu\/de\/wp-json\/wp\/v2\/media?parent=4118"}],"curies":[{"name":"wp","href":"https:\/\/api.w.org\/{rel}","templated":true}]}}