{"id":27687,"date":"2022-08-23T16:21:20","date_gmt":"2022-08-23T14:21:20","guid":{"rendered":"https:\/\/www.vaia.eu\/home\/"},"modified":"2025-11-12T10:32:18","modified_gmt":"2025-11-12T09:32:18","slug":"home","status":"publish","type":"page","link":"https:\/\/www.vaia.eu\/fr\/home\/","title":{"rendered":"Home OLD"},"content":{"rendered":"\n<div class=\"banner-spacer\">&nbsp;<\/div>\n<div class=\"main-banner\" style=\"background-image:url(https:\/\/www.vaia.eu\/wp-content\/uploads\/2025\/09\/HP-settembre_Mobile.jpg); background-size:cover; background-position: center;\">\n\t<div class=\"main-banner__container\">\n\t\t<div class=\"row-area\"><\/div>\n\t<\/div>\n<\/div>\n\n<div class=\"main-banner-deskt\" style=\"background-image:url(https:\/\/www.vaia.eu\/wp-content\/uploads\/2025\/09\/HP-settembre_Desktop2.jpg); background-size:100% 100%;\">\n\t<div class=\"main-banner__container\">\n\t\t<div class=\"row-area\"><\/div>\n\t<\/div>\n<\/div>\n\n\n\n<div class=\"title-subtitle-cta-band  bgcolor-transparent \">\n    <div class=\"component-container\">\n        <div class=\" display-block \">\n        \n            \n        <\/div>\n\n\n        \n        <div class=\"grid-subtitle\">\n        \n\n                        <span class=\"separator  separator-color-yellow \">\/\/<\/span>\n            \n                    <div class=\"subtitle  subtitlesize-large  subtitlecolor-darkgreen \"><p>Nous pensons que chacun d&rsquo;entre nous peut avoir un impact sur le monde, mais que c&rsquo;est en le faisant ensemble que l&rsquo;on fait la diff\u00e9rence. La communaut\u00e9 VAIA est un lieu o\u00f9, dans notre diversit\u00e9, nous affrontons ensemble ce qui est important. Faire face \u00e0 ce qui compte.<\/p>\n<\/div>\n            \n            \n            <\/div>\n                \n                    <a class=\"button  button-secondary \"\n                                    href=\"\/fr\/about-us\/\"\n                                   title=\"A propos de VAIA\">A propos de VAIA<\/a>\n        \n    <\/div>\n<\/div>\n\n\n<div class=\"video-area-home\"  style=\"background:url(https:\/\/www.vaia.eu\/wp-content\/uploads\/2023\/11\/anteprima-video-homapage-light.jpeg) no-repeat left center; background-size:cover;\" >\n    <div class=\"video-container\">\n                    <span class=\"video-title video-title-color-lightyellow\">D\u00c9COUVREZ QUI NOUS SOMMES<\/span>\n            \n        \n            <a href=\"https:\/\/www.youtube.com\/watch?v=F07Mk_N967U\" class=\"button swipebox  button-secondary \" data-rel=\"lightbox-image-0\" title=\"PLAY VIDEO\">\n                PLAY VIDEO            <\/a>\n\n                <\/div>\n\n<\/div>\n\n\n\n<div class=\"title-subtitle-cta-band  bgcolor-transparent \">\n    <div class=\"component-container\">\n        <div class=\" display-block \">\n                        <span class=\"title-1  titlesize-medium  titlecolor-darkgreen \">Nos projets<\/span>\n                \n            \n        <\/div>\n\n\n        \n\n            \n        \n            \n        \n    <\/div>\n<\/div>\n\n\n<div class=\"vaia__filter__system \"><div class=\"vaia__filter__system__content \"><article>\n                        <a class=\"project-single-title\" href=\"https:\/\/www.vaia.eu\/fr\/project\/dolomites\/\" title=\"Dolomites\">Dolomites<\/a>\n\n                       <div class=\"content-grid-articles\">\n                            <div class=\"box-img\">\n                                <a class=\"project-single-image\" href=\"https:\/\/www.vaia.eu\/fr\/project\/dolomites\/\" title=\"Dolomites\">\n                                    <img data-flickity-lazyload=\"https:\/\/www.vaia.eu\/wp-content\/uploads\/2022\/11\/665x755_PROGETTI_DOLOMITI.jpg\" class=\"skip-lazy\" alt=\"slider image\" width=\"400\" height=\"600\" \/>\n                                <\/a>\n                            <\/div>\n                            <div class=\"box-info-txt\">\n                                <div class=\"project-single-excerpt\">\n                                    Jeunes designers et artisans locaux pour les for\u00eats de demain.\n                                <\/div>\n\n                                <a class=\"button button-secondary project-single-button\" href=\"https:\/\/www.vaia.eu\/fr\/project\/dolomites\/\" title=\"Dolomites\">D\u00c9COUVREZ<\/a>\n                            <\/div>\n                        <\/div>\n                    <\/article><article>\n                        <a class=\"project-single-title\" href=\"https:\/\/www.vaia.eu\/fr\/project\/glaciers\/\" title=\"Glaciers\">Glaciers<\/a>\n\n                       <div class=\"content-grid-articles\">\n                            <div class=\"box-img\">\n                                <a class=\"project-single-image\" href=\"https:\/\/www.vaia.eu\/fr\/project\/glaciers\/\" title=\"Glaciers\">\n                                    <img data-flickity-lazyload=\"https:\/\/www.vaia.eu\/wp-content\/uploads\/2022\/11\/665x755_PROGETTI-Ghiacciai.jpg\" class=\"skip-lazy\" alt=\"slider image\" width=\"400\" height=\"600\" \/>\n                                <\/a>\n                            <\/div>\n                            <div class=\"box-info-txt\">\n                                <div class=\"project-single-excerpt\">\n                                    Scholars and activists for the mountains and the climate.\n                                <\/div>\n\n                                <a class=\"button button-secondary project-single-button\" href=\"https:\/\/www.vaia.eu\/fr\/project\/glaciers\/\" title=\"Glaciers\">D\u00c9COUVREZ<\/a>\n                            <\/div>\n                        <\/div>\n                    <\/article><article>\n                        <a class=\"project-single-title\" href=\"https:\/\/www.vaia.eu\/fr\/project\/bostrico\/\" title=\"Scolyte\">Scolyte<\/a>\n\n                       <div class=\"content-grid-articles\">\n                            <div class=\"box-img\">\n                                <a class=\"project-single-image\" href=\"https:\/\/www.vaia.eu\/fr\/project\/bostrico\/\" title=\"Scolyte\">\n                                    <img data-flickity-lazyload=\"https:\/\/www.vaia.eu\/wp-content\/uploads\/2024\/11\/VAIA-Progetto-Bostrico-VAIA-People-2.jpg\" class=\"skip-lazy\" alt=\"slider image\" width=\"400\" height=\"600\" \/>\n                                <\/a>\n                            <\/div>\n                            <div class=\"box-info-txt\">\n                                <div class=\"project-single-excerpt\">\n                                    La grave \u00e9pid\u00e9mie de scolytes affecte et d\u00e9truit les for\u00eats des Dolomites.\n                                <\/div>\n\n                                <a class=\"button button-secondary project-single-button\" href=\"https:\/\/www.vaia.eu\/fr\/project\/bostrico\/\" title=\"Scolyte\">D\u00c9COUVREZ<\/a>\n                            <\/div>\n                        <\/div>\n                    <\/article><article>\n                        <a class=\"project-single-title\" href=\"https:\/\/www.vaia.eu\/fr\/project\/vaia-4-companies\/\" title=\"VAIA x entreprises\">VAIA x entreprises<\/a>\n\n                       <div class=\"content-grid-articles\">\n                            <div class=\"box-img\">\n                                <a class=\"project-single-image\" href=\"https:\/\/www.vaia.eu\/fr\/project\/vaia-4-companies\/\" title=\"VAIA x entreprises\">\n                                    <img data-flickity-lazyload=\"https:\/\/www.vaia.eu\/wp-content\/uploads\/2022\/11\/665x755_PROGETTI-Aziende.jpg\" class=\"skip-lazy\" alt=\"slider image\" width=\"400\" height=\"600\" \/>\n                                <\/a>\n                            <\/div>\n                            <div class=\"box-info-txt\">\n                                <div class=\"project-single-excerpt\">\n                                    Partner for active and concrete sustainability.\n                                <\/div>\n\n                                <a class=\"button button-secondary project-single-button\" href=\"https:\/\/www.vaia.eu\/fr\/project\/vaia-4-companies\/\" title=\"VAIA x entreprises\">D\u00c9COUVREZ<\/a>\n                            <\/div>\n                        <\/div>\n                    <\/article><\/div>\n            <\/div>\n\n\n\n<div class=\"title-content-cta-band  bgcolor-transparent \">\n    <div class=\"component-container\">\n\n        <span class=\"title-1\"><\/span>\n\n                        <div class=\"grid-cols\">\n            \n            <div class=\"content\">\n                \n                            <\/div>\n        <\/div>\n        \n                    <a class=\"button  button-primary \"\n                                    href=\"\/fr\/projects\/\"\n                                   title=\"Explorez-les tous \">Explorez-les tous <\/a>\n        \n    <\/div>\n<\/div>\n\n\n\n<div class=\"title-subtitle-cta-band  bgcolor-transparent \">\n    <div class=\"component-container\">\n        <div class=\" display-block \">\n                        <span class=\"title-1  titlesize-medium  titlecolor-darkgreen \">Nos produits<\/span>\n                \n            \n        <\/div>\n\n\n        \n\n            \n        \n            \n        \n    <\/div>\n<\/div>\n\n\n<div class=\"images-slider images-slider-bg-yellow\">\n    <div class=\"images-slider-container\">\n        \n        <div class=\"images-slider__row\">\n                            <div class=\"images-slider__single\" aria-hidden=\"false\">\n                    <div class=\"images-slider__single-contents\">\n                        <img data-flickity-lazyload=\"https:\/\/www.vaia.eu\/wp-content\/uploads\/2022\/11\/665x755_CUBE.jpg\" class=\"skip-lazy\" alt=\"slider image\" width=\"400\" height=\"600\" \/>\n                                                    <span class=\"thetitle thetitle--color-lightyellow\">AMPLIFIER LA RENAISSANCE<\/span>\n                                                                            <a class=\"button\" href=\"https:\/\/www.vaia.eu\/fr\/product\/vaia-cube\/\" title=\"D\u00c9COUVRIR VAIA CUBE\">D\u00c9COUVRIR VAIA CUBE<\/a>\n                                            <\/div>\n\n                <\/div>\n                            <div class=\"images-slider__single\" aria-hidden=\"false\">\n                    <div class=\"images-slider__single-contents\">\n                        <img data-flickity-lazyload=\"https:\/\/www.vaia.eu\/wp-content\/uploads\/2022\/11\/665x755_IMPERFETTO.jpg\" class=\"skip-lazy\" alt=\"slider image\" width=\"400\" height=\"600\" \/>\n                                                    <span class=\"thetitle thetitle--color-lightyellow\">LA BEAUT\u00c9 DE L&rsquo;UNICIT\u00c9<\/span>\n                                                                            <a class=\"button\" href=\"https:\/\/www.vaia.eu\/fr\/product\/vaia-cube-imperfetto\/\" title=\"D\u00c9COUVRIR VAIA CUBE imperfetto\">D\u00c9COUVRIR VAIA CUBE imperfetto<\/a>\n                                            <\/div>\n\n                <\/div>\n                            <div class=\"images-slider__single\" aria-hidden=\"false\">\n                    <div class=\"images-slider__single-contents\">\n                        <img data-flickity-lazyload=\"https:\/\/www.vaia.eu\/wp-content\/uploads\/2022\/11\/665x755_JOY-2-1.jpg\" class=\"skip-lazy\" alt=\"slider image\" width=\"400\" height=\"600\" \/>\n                                                    <span class=\"thetitle thetitle--color-lightyellow\">L&rsquo;\u00c9NERGIE DE LA COULEUR<\/span>\n                                                                            <a class=\"button\" href=\"https:\/\/www.vaia.eu\/fr\/product\/vaia-cube-joy\/\" title=\"D\u00c9COUVRIR VAIA CUBE JOY \">D\u00c9COUVRIR VAIA CUBE JOY <\/a>\n                                            <\/div>\n\n                <\/div>\n                            <div class=\"images-slider__single\" aria-hidden=\"false\">\n                    <div class=\"images-slider__single-contents\">\n                        <img data-flickity-lazyload=\"https:\/\/www.vaia.eu\/wp-content\/uploads\/2022\/11\/665x755_focus.jpg\" class=\"skip-lazy\" alt=\"slider image\" width=\"400\" height=\"600\" \/>\n                                                    <span class=\"thetitle thetitle--color-lightyellow\">SE CONCENTRER SUR L&rsquo;ESSENTIEL<\/span>\n                                                                            <a class=\"button\" href=\"https:\/\/www.vaia.eu\/fr\/product\/vaia-focus\/\" title=\"D\u00c9COUVRIR VAIA FOCUS\">D\u00c9COUVRIR VAIA FOCUS<\/a>\n                                            <\/div>\n\n                <\/div>\n                            <div class=\"images-slider__single\" aria-hidden=\"false\">\n                    <div class=\"images-slider__single-contents\">\n                        <img data-flickity-lazyload=\"https:\/\/www.vaia.eu\/wp-content\/uploads\/2024\/11\/VAIA-People-Prodotto-VAIA-1.jpg\" class=\"skip-lazy\" alt=\"slider image\" width=\"400\" height=\"600\" \/>\n                                                    <span class=\"thetitle thetitle--color-lightyellow\">\u00caTRE UN \u00c9COSYST\u00c8ME, N&rsquo;EXCLURE PERSONNE<\/span>\n                                                                            <a class=\"button\" href=\"https:\/\/www.vaia.eu\/fr\/prodotto\/vaia-people\/\" title=\"D\u00c9COUVRIR VAIA PEOPLE\">D\u00c9COUVRIR VAIA PEOPLE<\/a>\n                                            <\/div>\n\n                <\/div>\n                            <div class=\"images-slider__single\" aria-hidden=\"false\">\n                    <div class=\"images-slider__single-contents\">\n                        <img data-flickity-lazyload=\"https:\/\/www.vaia.eu\/wp-content\/uploads\/2025\/11\/VAIA-PEOPLE-PERSONALIZZATO-CAROSELLO-PROD.jpg\" class=\"skip-lazy\" alt=\"slider image\" width=\"400\" height=\"600\" \/>\n                                                    <span class=\"thetitle thetitle--color-lightyellow\">RACONTE TON HISTOIRE<\/span>\n                                                                            <a class=\"button\" href=\"https:\/\/www.vaia.eu\/fr\/prodotto\/vaia-people-personalizzato\/\" title=\"D\u00c9COUVRIR VAIA PEOPLE PERSONNALIS\u00c9\">D\u00c9COUVRIR VAIA PEOPLE PERSONNALIS\u00c9<\/a>\n                                            <\/div>\n\n                <\/div>\n            \n        <\/div>\n        <span class=\"image-slider-symbol symbol-darkgreen\">\/\/<\/span>\n    <\/div>\n\n<\/div>\n\n\n\n<div class=\"title-subtitle-cta-band  bgcolor-lightgreen \">\n    <div class=\"component-container\">\n        <div class=\" display-block \">\n        \n                            <span class=\"title-2  titlesize-small  titlecolor-darkgreen \">Nos ambassadeurs<\/span>\n                \n        <\/div>\n\n\n        \n        <div class=\"grid-subtitle\">\n        \n\n            \n                    <div class=\"subtitle  subtitlesize-small  subtitlecolor-darkgreen \"><p>Trouvez le magasin le plus proche<\/p>\n<\/div>\n            \n            \n            <\/div>\n                \n                    <a class=\"button  button-primary \"\n                                    href=\"https:\/\/www.vaia.eu\/en\/vaia-ambassadors\/\"\n                                   title=\"Aller \u00e0 la carte\">Aller \u00e0 la carte<\/a>\n        \n    <\/div>\n<\/div>\n\n\n<div class=\"cards cards-bg-lightyellow\">\n\n            <span class=\"headingcard-title heading-color-violet\">\n            Ce qu&rsquo;ils disent de nous        <\/span>\n    \n    <div class=\"cards__row\">\n                    <div class=\"cards__col col-color-green content-title-color-transparent content-card-color-transparent\">\n                <div class=\"g-card\">\n    \n    \n    \n            <div class=\"g-card__media\">\n                        <a href=\"https:\/\/www.corriere.it\/cronache\/21_ottobre_28\/start-up-che-rida-vita-foreste-ferite-vaia-051f5de2-382a-11ec-b57d-189900ff8f36.shtml\" target=\"_blank\">\n                            <img loading=\"lazy\" decoding=\"async\" class=\"skip-lazy\" width=\"600\" height=\"400\" src=\"https:\/\/www.vaia.eu\/wp-content\/uploads\/2023\/10\/500x500_corriere.png\" alt=\"\" \/>\n                        <\/a>\n                    <\/div>\n    \n    <\/div>\n            <\/div>\n                    <div class=\"cards__col col-color-green content-title-color-transparent content-card-color-transparent\">\n                <div class=\"g-card\">\n    \n    \n    \n            <div class=\"g-card__media\">\n                        <a href=\"https:\/\/forbes.it\/2020\/07\/08\/startup-vaia-amplificatore-tempesta-under-30\/\" target=\"_blank\">\n                            <img loading=\"lazy\" decoding=\"async\" class=\"skip-lazy\" width=\"600\" height=\"400\" src=\"https:\/\/www.vaia.eu\/wp-content\/uploads\/2023\/10\/500x500_forbes.png\" alt=\"\" \/>\n                        <\/a>\n                    <\/div>\n    \n    <\/div>\n            <\/div>\n                    <div class=\"cards__col col-color-green content-title-color-transparent content-card-color-transparent\">\n                <div class=\"g-card\">\n    \n    \n    \n            <div class=\"g-card__media\">\n                        <a href=\"https:\/\/www.repubblica.it\/green-and-blue\/dossier\/tutti-per-la-terra\/2023\/09\/19\/news\/vaia-414104952\/?ref=RHRM-BG-P5-S1-T1\" target=\"_blank\">\n                            <img loading=\"lazy\" decoding=\"async\" class=\"skip-lazy\" width=\"600\" height=\"400\" src=\"https:\/\/www.vaia.eu\/wp-content\/uploads\/2023\/10\/500x500_la-repubblica.png\" alt=\"\" \/>\n                        <\/a>\n                    <\/div>\n    \n    <\/div>\n            <\/div>\n                    <div class=\"cards__col col-color-green content-title-color-transparent content-card-color-transparent\">\n                <div class=\"g-card\">\n    \n    \n    \n            <div class=\"g-card__media\">\n                        <a href=\"https:\/\/stream24.ilsole24ore.com\/video\/italia\/foresta-innovatori-1000-alberi-piantati-riforestare-dolomiti\/AFBAtk2\" target=\"_blank\">\n                            <img loading=\"lazy\" decoding=\"async\" class=\"skip-lazy\" width=\"600\" height=\"400\" src=\"https:\/\/www.vaia.eu\/wp-content\/uploads\/2023\/10\/500x500_sole24ore.png\" alt=\"\" \/>\n                        <\/a>\n                    <\/div>\n    \n    <\/div>\n            <\/div>\n                    <div class=\"cards__col col-color-green content-title-color-transparent content-card-color-transparent\">\n                <div class=\"g-card\">\n    \n    \n    \n            <div class=\"g-card__media\">\n                        <a href=\"https:\/\/www.tgcom24.mediaset.it\/2023\/video\/-studio-aperto-mag---next-generazione-europa-guarda-la-seconda-puntata-su-istruzione-formazione-e-ricerca_61699570-02k.shtml\" target=\"_blank\">\n                            <img loading=\"lazy\" decoding=\"async\" class=\"skip-lazy\" width=\"600\" height=\"400\" src=\"https:\/\/www.vaia.eu\/wp-content\/uploads\/2023\/10\/500x500_tgcom24.png\" alt=\"\" \/>\n                        <\/a>\n                    <\/div>\n    \n    <\/div>\n            <\/div>\n                    <div class=\"cards__col col-color-green content-title-color-transparent content-card-color-transparent\">\n                <div class=\"g-card\">\n    \n    \n    \n            <div class=\"g-card__media\">\n                        <a href=\"https:\/\/www.faz.net\/aktuell\/technik-motor\/fuenf-am-freitag-rechenbeispiele-18403151\/plus-30-18391902.html\" target=\"_blank\">\n                            <img loading=\"lazy\" decoding=\"async\" class=\"skip-lazy\" width=\"600\" height=\"400\" src=\"https:\/\/www.vaia.eu\/wp-content\/uploads\/2023\/10\/500x500_frankfurt.png\" alt=\"\" \/>\n                        <\/a>\n                    <\/div>\n    \n    <\/div>\n            <\/div>\n                    <div class=\"cards__col col-color-green content-title-color-transparent content-card-color-transparent\">\n                <div class=\"g-card\">\n    \n    \n    \n            <div class=\"g-card__media\">\n                        <a href=\"https:\/\/tg24.sky.it\/tecnologia\/now\/2021\/03\/11\/vaia-casse-musicali-legno-tempesta\" target=\"_blank\">\n                            <img loading=\"lazy\" decoding=\"async\" class=\"skip-lazy\" width=\"600\" height=\"400\" src=\"https:\/\/www.vaia.eu\/wp-content\/uploads\/2023\/10\/500x500_skytg24.png\" alt=\"\" \/>\n                        <\/a>\n                    <\/div>\n    \n    <\/div>\n            <\/div>\n                    <div class=\"cards__col col-color-green content-title-color-transparent content-card-color-transparent\">\n                <div class=\"g-card\">\n    \n    \n    \n            <div class=\"g-card__media\">\n                        <a href=\"https:\/\/www.chip.de\/news\/Lautsprecher-ohne-Strom-und-Technik-Das-ist-der-VAIA-Cube_184449651.html\" target=\"_blank\">\n                            <img loading=\"lazy\" decoding=\"async\" class=\"skip-lazy\" width=\"600\" height=\"400\" src=\"https:\/\/www.vaia.eu\/wp-content\/uploads\/2023\/10\/500x500_chip.png\" alt=\"\" \/>\n                        <\/a>\n                    <\/div>\n    \n    <\/div>\n            <\/div>\n            <\/div>\n<\/div>\n\n\n\n<div class=\"news-with-sliding-background\" style=\"background-image: url()\">\n    <div class=\"news-container\">\n\n            <\/div>\n<\/div>\n\n\n\n<div style=\"height:100px\" aria-hidden=\"true\" class=\"wp-block-spacer\"><\/div>\n\n\n\n<div id=\"foresta-innovatori\" style=\"margin-top: 5%; margin-bottom: 5%;\">\n    <div style=\"background-color: #c9ecd9; border-radius: 15px; padding: 25px; font-family: inherit;\">\n\n        <div style=\"text-align: center; margin-bottom: 30px;\">\n            <h1 style=\"color: #610e39; margin-top: 0; margin-bottom: 10px; font-size: 2.0em;\">\n                La foresta degli Innovatori 2025\n            <\/h1>\n            <h3 style=\"color: #610e39; margin-top: 0; font-size: 1.2em; font-weight: normal;\">\n              Pr\u00e9-inscrivez-vous pour la quatri\u00e8me \u00e9dition ! Le rendez-vous est fix\u00e9 au 6 septembre 2025 \u00e0 Vezzena.\n            <\/h3>\n        <\/div>\n\n        <div style=\"display: flex; flex-wrap: wrap; gap: 30px; align-items: flex-start;\">\n\n            <div style=\"flex: 1; min-width: 300px;\">\n                <img decoding=\"async\" \n                    src=\"https:\/\/www.vaia.eu\/wp-content\/uploads\/2025\/07\/FI25_provvisoria-25062025.jpg\" \n                    alt=\"Descrizione dell'immagine\" \n                    style=\"max-width: 100%; height: auto; display: block; border-radius: 8px;\"\n                >\n\n                <p style=\"color: #0f3a26; margin-top: 15px; font-size: 1.1em; line-height: 1.6; font-family: inherit;\">\n                   Pr\u00eats pour la prochaine For\u00eat ? Cette ann\u00e9e, le th\u00e8me est \u00ab Mati\u00e8re Future \u00bb. Nous parlerons des mat\u00e9riaux naturels et humains, de la puissance de l&rsquo;innovation et de la force des connexions. Nous planterons des graines dans le sol et des id\u00e9es dans le futur. <strong>Remplissez le formulaire pour recevoir toutes les mises \u00e0 jour !<\/strong>\n                <\/p>\n            <\/div>\n\n            <div style=\"flex: 1; min-width: 300px;\">\n                <script charset=\"utf-8\" type=\"text\/javascript\" src=\"\/\/js-eu1.hsforms.net\/forms\/embed\/v2.js\"><\/script>\n<script>\n  hbspt.forms.create({\n    portalId: \"143416615\",\n    formId: \"8eff9c6b-68a3-49b8-8a70-964bb7d3dbf4\",\n    region: \"eu1\"\n  });\n<\/script>\n            <\/div>\n\n        <\/div>\n\n    <\/div>\n<\/div>\n","protected":false},"excerpt":{"rendered":"<p>&nbsp; La foresta degli Innovatori 2025 Pr\u00e9-inscrivez-vous pour la quatri\u00e8me \u00e9dition ! Le rendez-vous est fix\u00e9 au 6 septembre 2025 \u00e0 Vezzena. Pr\u00eats pour la prochaine For\u00eat ? Cette ann\u00e9e, le th\u00e8me est \u00ab Mati\u00e8re Future \u00bb. Nous parlerons des mat\u00e9riaux naturels et humains, de la puissance de l&rsquo;innovation et de la force des connexions. [&hellip;]<\/p>\n","protected":false},"author":1,"featured_media":0,"parent":0,"menu_order":1,"comment_status":"closed","ping_status":"closed","template":"","meta":{"_acf_changed":false,"_crdt_document":"","content-type":"","footnotes":""},"class_list":["post-27687","page","type-page","status-publish","hentry"],"acf":[],"yoast_head":"<!-- This site is optimized with the Yoast SEO plugin v27.4 - https:\/\/yoast.com\/product\/yoast-seo-wordpress\/ -->\n<title>VAIA | face what matters<\/title>\n<meta name=\"description\" content=\"More than 42 million trees were felled by the VAIA storm. Thus, from the wood of those trees, the VAIA Cube mobile amplifier was born.\" \/>\n<meta name=\"robots\" content=\"index, follow, max-snippet:-1, max-image-preview:large, max-video-preview:-1\" \/>\n<link rel=\"canonical\" href=\"https:\/\/www.vaia.eu\/fr\/home\/\" \/>\n<meta property=\"og:locale\" content=\"fr_FR\" \/>\n<meta property=\"og:type\" content=\"article\" \/>\n<meta property=\"og:title\" content=\"VAIA | face what matters\" \/>\n<meta property=\"og:description\" content=\"More than 42 million trees were felled by the VAIA storm. Thus, from the wood of those trees, the VAIA Cube mobile amplifier was born.\" \/>\n<meta property=\"og:url\" content=\"https:\/\/www.vaia.eu\/fr\/home\/\" \/>\n<meta property=\"og:site_name\" content=\"VAIA\" \/>\n<meta property=\"article:publisher\" content=\"https:\/\/www.facebook.com\/therealvaia\/\" \/>\n<meta property=\"article:modified_time\" content=\"2025-11-12T09:32:18+00:00\" \/>\n<meta property=\"og:image\" content=\"https:\/\/www.vaia.eu\/wp-content\/uploads\/2023\/10\/1920x1080_header-home.jpg\" \/>\n\t<meta property=\"og:image:width\" content=\"1920\" \/>\n\t<meta property=\"og:image:height\" content=\"1080\" \/>\n\t<meta property=\"og:image:type\" content=\"image\/jpeg\" \/>\n<meta name=\"twitter:card\" content=\"summary_large_image\" \/>\n<meta name=\"twitter:label1\" content=\"Dur\u00e9e de lecture estim\u00e9e\" \/>\n\t<meta name=\"twitter:data1\" content=\"1 minute\" \/>\n<script type=\"application\/ld+json\" class=\"yoast-schema-graph\">{\"@context\":\"https:\\\/\\\/schema.org\",\"@graph\":[{\"@type\":\"WebPage\",\"@id\":\"https:\\\/\\\/www.vaia.eu\\\/fr\\\/home\\\/\",\"url\":\"https:\\\/\\\/www.vaia.eu\\\/fr\\\/home\\\/\",\"name\":\"VAIA | face what matters\",\"isPartOf\":{\"@id\":\"https:\\\/\\\/www.vaia.eu\\\/#website\"},\"primaryImageOfPage\":{\"@id\":\"https:\\\/\\\/www.vaia.eu\\\/fr\\\/home\\\/#primaryimage\"},\"image\":{\"@id\":\"https:\\\/\\\/www.vaia.eu\\\/fr\\\/home\\\/#primaryimage\"},\"thumbnailUrl\":\"https:\\\/\\\/www.vaia.eu\\\/wp-content\\\/uploads\\\/2025\\\/07\\\/FI25_provvisoria-25062025.jpg\",\"datePublished\":\"2022-08-23T14:21:20+00:00\",\"dateModified\":\"2025-11-12T09:32:18+00:00\",\"description\":\"More than 42 million trees were felled by the VAIA storm. Thus, from the wood of those trees, the VAIA Cube mobile amplifier was born.\",\"breadcrumb\":{\"@id\":\"https:\\\/\\\/www.vaia.eu\\\/fr\\\/home\\\/#breadcrumb\"},\"inLanguage\":\"fr-FR\",\"potentialAction\":[{\"@type\":\"ReadAction\",\"target\":[\"https:\\\/\\\/www.vaia.eu\\\/fr\\\/home\\\/\"]}]},{\"@type\":\"ImageObject\",\"inLanguage\":\"fr-FR\",\"@id\":\"https:\\\/\\\/www.vaia.eu\\\/fr\\\/home\\\/#primaryimage\",\"url\":\"https:\\\/\\\/www.vaia.eu\\\/wp-content\\\/uploads\\\/2025\\\/07\\\/FI25_provvisoria-25062025.jpg\",\"contentUrl\":\"https:\\\/\\\/www.vaia.eu\\\/wp-content\\\/uploads\\\/2025\\\/07\\\/FI25_provvisoria-25062025.jpg\"},{\"@type\":\"BreadcrumbList\",\"@id\":\"https:\\\/\\\/www.vaia.eu\\\/fr\\\/home\\\/#breadcrumb\",\"itemListElement\":[{\"@type\":\"ListItem\",\"position\":1,\"name\":\"Home\",\"item\":\"https:\\\/\\\/www.vaia.eu\\\/fr\\\/\"},{\"@type\":\"ListItem\",\"position\":2,\"name\":\"Home OLD\"}]},{\"@type\":\"WebSite\",\"@id\":\"https:\\\/\\\/www.vaia.eu\\\/#website\",\"url\":\"https:\\\/\\\/www.vaia.eu\\\/\",\"name\":\"VAIA - Face what matters\",\"description\":\"Face What Matters\",\"publisher\":{\"@id\":\"https:\\\/\\\/www.vaia.eu\\\/#organization\"},\"potentialAction\":[{\"@type\":\"SearchAction\",\"target\":{\"@type\":\"EntryPoint\",\"urlTemplate\":\"https:\\\/\\\/www.vaia.eu\\\/?s={search_term_string}\"},\"query-input\":{\"@type\":\"PropertyValueSpecification\",\"valueRequired\":true,\"valueName\":\"search_term_string\"}}],\"inLanguage\":\"fr-FR\"},{\"@type\":\"Organization\",\"@id\":\"https:\\\/\\\/www.vaia.eu\\\/#organization\",\"name\":\"VAIA\",\"url\":\"https:\\\/\\\/www.vaia.eu\\\/\",\"logo\":{\"@type\":\"ImageObject\",\"inLanguage\":\"fr-FR\",\"@id\":\"https:\\\/\\\/www.vaia.eu\\\/#\\\/schema\\\/logo\\\/image\\\/\",\"url\":\"https:\\\/\\\/www.vaia.eu\\\/wp-content\\\/uploads\\\/2023\\\/12\\\/logo-vaia.svg\",\"contentUrl\":\"https:\\\/\\\/www.vaia.eu\\\/wp-content\\\/uploads\\\/2023\\\/12\\\/logo-vaia.svg\",\"width\":1000,\"height\":1000,\"caption\":\"VAIA\"},\"image\":{\"@id\":\"https:\\\/\\\/www.vaia.eu\\\/#\\\/schema\\\/logo\\\/image\\\/\"},\"sameAs\":[\"https:\\\/\\\/www.facebook.com\\\/therealvaia\\\/\",\"https:\\\/\\\/www.instagram.com\\\/therealvaia\\\/\",\"https:\\\/\\\/www.linkedin.com\\\/company\\\/vaiasrl\\\/\",\"https:\\\/\\\/www.youtube.com\\\/channel\\\/UCPtTJEh97yiEMm-vE_Ux3Aw\"]}]}<\/script>\n<!-- \/ Yoast SEO plugin. -->","yoast_head_json":{"title":"VAIA | face what matters","description":"More than 42 million trees were felled by the VAIA storm. Thus, from the wood of those trees, the VAIA Cube mobile amplifier was born.","robots":{"index":"index","follow":"follow","max-snippet":"max-snippet:-1","max-image-preview":"max-image-preview:large","max-video-preview":"max-video-preview:-1"},"canonical":"https:\/\/www.vaia.eu\/fr\/home\/","og_locale":"fr_FR","og_type":"article","og_title":"VAIA | face what matters","og_description":"More than 42 million trees were felled by the VAIA storm. Thus, from the wood of those trees, the VAIA Cube mobile amplifier was born.","og_url":"https:\/\/www.vaia.eu\/fr\/home\/","og_site_name":"VAIA","article_publisher":"https:\/\/www.facebook.com\/therealvaia\/","article_modified_time":"2025-11-12T09:32:18+00:00","og_image":[{"width":1920,"height":1080,"url":"https:\/\/www.vaia.eu\/wp-content\/uploads\/2023\/10\/1920x1080_header-home.jpg","type":"image\/jpeg"}],"twitter_card":"summary_large_image","twitter_misc":{"Dur\u00e9e de lecture estim\u00e9e":"1 minute"},"schema":{"@context":"https:\/\/schema.org","@graph":[{"@type":"WebPage","@id":"https:\/\/www.vaia.eu\/fr\/home\/","url":"https:\/\/www.vaia.eu\/fr\/home\/","name":"VAIA | face what matters","isPartOf":{"@id":"https:\/\/www.vaia.eu\/#website"},"primaryImageOfPage":{"@id":"https:\/\/www.vaia.eu\/fr\/home\/#primaryimage"},"image":{"@id":"https:\/\/www.vaia.eu\/fr\/home\/#primaryimage"},"thumbnailUrl":"https:\/\/www.vaia.eu\/wp-content\/uploads\/2025\/07\/FI25_provvisoria-25062025.jpg","datePublished":"2022-08-23T14:21:20+00:00","dateModified":"2025-11-12T09:32:18+00:00","description":"More than 42 million trees were felled by the VAIA storm. Thus, from the wood of those trees, the VAIA Cube mobile amplifier was born.","breadcrumb":{"@id":"https:\/\/www.vaia.eu\/fr\/home\/#breadcrumb"},"inLanguage":"fr-FR","potentialAction":[{"@type":"ReadAction","target":["https:\/\/www.vaia.eu\/fr\/home\/"]}]},{"@type":"ImageObject","inLanguage":"fr-FR","@id":"https:\/\/www.vaia.eu\/fr\/home\/#primaryimage","url":"https:\/\/www.vaia.eu\/wp-content\/uploads\/2025\/07\/FI25_provvisoria-25062025.jpg","contentUrl":"https:\/\/www.vaia.eu\/wp-content\/uploads\/2025\/07\/FI25_provvisoria-25062025.jpg"},{"@type":"BreadcrumbList","@id":"https:\/\/www.vaia.eu\/fr\/home\/#breadcrumb","itemListElement":[{"@type":"ListItem","position":1,"name":"Home","item":"https:\/\/www.vaia.eu\/fr\/"},{"@type":"ListItem","position":2,"name":"Home OLD"}]},{"@type":"WebSite","@id":"https:\/\/www.vaia.eu\/#website","url":"https:\/\/www.vaia.eu\/","name":"VAIA - Face what matters","description":"Face What Matters","publisher":{"@id":"https:\/\/www.vaia.eu\/#organization"},"potentialAction":[{"@type":"SearchAction","target":{"@type":"EntryPoint","urlTemplate":"https:\/\/www.vaia.eu\/?s={search_term_string}"},"query-input":{"@type":"PropertyValueSpecification","valueRequired":true,"valueName":"search_term_string"}}],"inLanguage":"fr-FR"},{"@type":"Organization","@id":"https:\/\/www.vaia.eu\/#organization","name":"VAIA","url":"https:\/\/www.vaia.eu\/","logo":{"@type":"ImageObject","inLanguage":"fr-FR","@id":"https:\/\/www.vaia.eu\/#\/schema\/logo\/image\/","url":"https:\/\/www.vaia.eu\/wp-content\/uploads\/2023\/12\/logo-vaia.svg","contentUrl":"https:\/\/www.vaia.eu\/wp-content\/uploads\/2023\/12\/logo-vaia.svg","width":1000,"height":1000,"caption":"VAIA"},"image":{"@id":"https:\/\/www.vaia.eu\/#\/schema\/logo\/image\/"},"sameAs":["https:\/\/www.facebook.com\/therealvaia\/","https:\/\/www.instagram.com\/therealvaia\/","https:\/\/www.linkedin.com\/company\/vaiasrl\/","https:\/\/www.youtube.com\/channel\/UCPtTJEh97yiEMm-vE_Ux3Aw"]}]}},"_links":{"self":[{"href":"https:\/\/www.vaia.eu\/fr\/wp-json\/wp\/v2\/pages\/27687","targetHints":{"allow":["GET"]}}],"collection":[{"href":"https:\/\/www.vaia.eu\/fr\/wp-json\/wp\/v2\/pages"}],"about":[{"href":"https:\/\/www.vaia.eu\/fr\/wp-json\/wp\/v2\/types\/page"}],"author":[{"embeddable":true,"href":"https:\/\/www.vaia.eu\/fr\/wp-json\/wp\/v2\/users\/1"}],"replies":[{"embeddable":true,"href":"https:\/\/www.vaia.eu\/fr\/wp-json\/wp\/v2\/comments?post=27687"}],"version-history":[{"count":7,"href":"https:\/\/www.vaia.eu\/fr\/wp-json\/wp\/v2\/pages\/27687\/revisions"}],"predecessor-version":[{"id":43541,"href":"https:\/\/www.vaia.eu\/fr\/wp-json\/wp\/v2\/pages\/27687\/revisions\/43541"}],"wp:attachment":[{"href":"https:\/\/www.vaia.eu\/fr\/wp-json\/wp\/v2\/media?parent=27687"}],"curies":[{"name":"wp","href":"https:\/\/api.w.org\/{rel}","templated":true}]}}