{"id":27905,"date":"2022-11-23T14:49:35","date_gmt":"2022-11-23T13:49:35","guid":{"rendered":"https:\/\/www.vaia.eu\/project\/glaciers\/"},"modified":"2025-02-07T12:42:39","modified_gmt":"2025-02-07T11:42:39","slug":"glaciers","status":"publish","type":"project","link":"https:\/\/www.vaia.eu\/fr\/project\/glaciers\/","title":{"rendered":"Glaciers"},"content":{"rendered":"\n<div class=\"fascia-inizio-img-cta  bgcolor-darkgreen \">\n    <div class=\"fascia-inizio-img-cta__inner\">\n\n        <div class=\"testi\">\n            <!-- TITOLO 1 -->\n            \n            <!-- TITOLO 2 -->\n\n                            <span class=\"title-2 \">Glaciers<\/span>\n\n                \n            <!-- SEPARATORE -->\n                        <span class=\"separator  separator-color-white \">\/\/<\/span>\n\n            <!-- SOTTOTITOLO -->\n                            <div class=\"subtitle  subtitlecolor-yellow \"><p>Nous perdons des surfaces de glace \u00e0 un rythme acc\u00e9l\u00e9r\u00e9. Chez VAIA, nous avons choisi d&rsquo;agir pour \u00e9tudier et sauvegarder les \u00ab thermom\u00e8tres \u00bb de notre plan\u00e8te.<\/p>\n<\/div>\n            \n        <\/div>\n\n        <!-- IMMAGINE -->\n        <div class=\"image\">\n                                <img loading=\"lazy\" decoding=\"async\" width=\"400\" height=\"400\" src=\"https:\/\/www.vaia.eu\/wp-content\/uploads\/2022\/11\/665x755_PROGETTI-Ghiacciai.jpg\" alt=\"VAIA Ghiacciai per VAIA Focus\">\n                    \n        <\/div>\n\n    <\/div>\n<\/div>\n\n\n<div class=\"numbers numbers-bg-green\">\n    <div class=\"numbers-container\">\n                    <span class=\"headingnumber-title heading-color-lightyellow\">\n            Notre impact        <\/span>\n            \n        <div class=\"numbers__row\">\n                            <div class=\"number__col number-color-yellow number-text-color-lightyellow number-symbol-color-darkgreen\">\n                    <span class=\"thenumber\">4000 m2<\/span>\n                                            <span class=\"thenumber-text\">de g\u00e9otextiles r\u00e9cup\u00e9r\u00e9s<\/span>\n                                    <\/div>\n                            <div class=\"number__col number-color-yellow number-text-color-lightyellow number-symbol-color-darkgreen\">\n                    <span class=\"thenumber\">10 glaciers alpine<\/span>\n                                            <span class=\"thenumber-text\">nettoy\u00e9s<\/span>\n                                    <\/div>\n                            <div class=\"number__col number-color-yellow number-text-color-lightyellow number-symbol-color-darkgreen\">\n                    <span class=\"thenumber\">3 partenaires<\/span>\n                                            <span class=\"thenumber-text\">op\u00e9rant dans le recyclage, l&rsquo;analyse et le nettoyage<\/span>\n                                    <\/div>\n                    <\/div>\n    <\/div>\n\n<\/div>\n\n\n<div class=\"title-vertical-band  bgcolor-transparent  alignment-title-left \">\n    <div class=\"component-container\">\n                    <div class=\"title-container\"><span class=\"title-1  titlesize-medium  titlecolor-green \">Un enjeu important<\/span><\/div>\n                                <div class=\"subtitle  subtitlesize-medium  subtitlecolor-darkgreen \"><p>Les glaciers constituent une base de donn\u00e9es pr\u00e9cieuse, capable de nous renseigner sur le climat et le pass\u00e9 de notre plan\u00e8te. Ils r\u00e9gulent des \u00e9quilibres thermiques d\u00e9licats, constituent une r\u00e9serve d&rsquo;eau fondamentale et une ressource vitale pour les communaut\u00e9s montagnardes. Leur \u00e9tude et leur protection doivent \u00eatre une priorit\u00e9 commune.<\/p>\n<\/div>\n                <\/div>\n\n<\/div>\n\n\n<div class=\"images-slider images-slider-bg-darkgreen\">\n    <div class=\"images-slider-container\">\n        \n        <div class=\"images-slider__row\">\n                            <div class=\"images-slider__single\" aria-hidden=\"false\">\n                    <div class=\"images-slider__single-contents\">\n                        <img data-flickity-lazyload=\"https:\/\/www.vaia.eu\/wp-content\/uploads\/2022\/11\/590x590_ghiacciaio-1.jpg\" class=\"skip-lazy\" alt=\"slider image\" width=\"400\" height=\"600\" \/>\n                                                                    <\/div>\n\n                <\/div>\n                            <div class=\"images-slider__single\" aria-hidden=\"false\">\n                    <div class=\"images-slider__single-contents\">\n                        <img data-flickity-lazyload=\"https:\/\/www.vaia.eu\/wp-content\/uploads\/2022\/11\/590x590_ghiacciaio-2.jpg\" class=\"skip-lazy\" alt=\"slider image\" width=\"400\" height=\"600\" \/>\n                                                                    <\/div>\n\n                <\/div>\n                            <div class=\"images-slider__single\" aria-hidden=\"false\">\n                    <div class=\"images-slider__single-contents\">\n                        <img data-flickity-lazyload=\"https:\/\/www.vaia.eu\/wp-content\/uploads\/2022\/11\/590x590_ghiacciaio-3.jpg\" class=\"skip-lazy\" alt=\"slider image\" width=\"400\" height=\"600\" \/>\n                                                                    <\/div>\n\n                <\/div>\n                            <div class=\"images-slider__single\" aria-hidden=\"false\">\n                    <div class=\"images-slider__single-contents\">\n                        <img data-flickity-lazyload=\"https:\/\/www.vaia.eu\/wp-content\/uploads\/2022\/11\/590x590_ghiacciaio-4.jpg\" class=\"skip-lazy\" alt=\"slider image\" width=\"400\" height=\"600\" \/>\n                                                                    <\/div>\n\n                <\/div>\n            \n        <\/div>\n        <span class=\"image-slider-symbol symbol-yellow\">\/\/<\/span>\n    <\/div>\n\n<\/div>\n\n\n<div class=\"title-vertical-band  bgcolor-transparent  alignment-title-right \">\n    <div class=\"component-container\">\n                    <div class=\"title-container\"><span class=\"title-1  titlesize-medium  titlecolor-green \">Comment avons-nous r\u00e9agi?<\/span><\/div>\n                                <div class=\"subtitle  subtitlesize-medium  subtitlecolor-darkgreen \"><p>Nous avons cr\u00e9\u00e9 une fili\u00e8re artisanale pour donner vie \u00e0 un nouvel objet, le VAIA Focus, en r\u00e9cup\u00e9rant le bois de la temp\u00eate Vaia mais aussi les feuilles utilis\u00e9es pour prot\u00e9ger les glaciers en \u00e9t\u00e9. Et nous avons mis en r\u00e9seau diff\u00e9rentes r\u00e9alit\u00e9s afin de combiner l&rsquo;impact environnemental et social.<\/p>\n<\/div>\n                <\/div>\n\n<\/div>\n\n\n<div class=\"wp-block-image nomargin-full\">\n<figure class=\"aligncenter size-full\"><img loading=\"lazy\" decoding=\"async\" width=\"1024\" height=\"240\" src=\"https:\/\/www.vaia.eu\/wp-content\/uploads\/2022\/11\/4-1.jpg\" alt=\"\" class=\"wp-image-27908\" title=\"Dolomiti\" srcset=\"https:\/\/www.vaia.eu\/wp-content\/uploads\/2022\/11\/4-1.jpg 1024w, https:\/\/www.vaia.eu\/wp-content\/uploads\/2022\/11\/4-1-300x70.jpg 300w, https:\/\/www.vaia.eu\/wp-content\/uploads\/2022\/11\/4-1-768x180.jpg 768w, https:\/\/www.vaia.eu\/wp-content\/uploads\/2022\/11\/4-1-600x141.jpg 600w\" sizes=\"auto, (max-width: 1024px) 100vw, 1024px\" \/><\/figure>\n<\/div>\n\n\n<div class=\"title-subtitle-cta-band  bgcolor-transparent \">\n    <div class=\"component-container\">\n        <div class=\" display-block \">\n                        <span class=\"title-1  titlesize-medium  titlecolor-darkgreen \">Un travail d&rsquo;\u00e9quipe<\/span>\n                \n            \n        <\/div>\n\n\n        \n\n            \n        \n            \n        \n    <\/div>\n<\/div>\n\n\n<div class=\"cards cards-bg-lightyellow\">\n\n    \n    <div class=\"cards__row\">\n                    <div class=\"cards__col col-color-violet content-title-color-yellow content-card-color-lightyellow\">\n                <div class=\"g-card\">\n    \n    \n            <div class=\"g-card__content\">\n            <p>nous r\u00e9cup\u00e9rons la toile g\u00e9otextile utilis\u00e9e sur le glacier de Presena avec la start-up Glac-Up, en la transformant en tissu protecteur de VAIA Focus<\/p>\n        <\/div>\n    \n    \n    <\/div>\n            <\/div>\n                    <div class=\"cards__col col-color-violet content-title-color-yellow content-card-color-lightyellow\">\n                <div class=\"g-card\">\n    \n    \n            <div class=\"g-card__content\">\n            <p>\u00ab\u00a0nous soutenons activement la recherche scientifique et la diffusion de l&rsquo;\u00e9tat des glaciers avec Ice Memory, un projet international financ\u00e9 par le CNR et l&rsquo;Universit\u00e9 Ca&rsquo; Foscari et reconnu par l&rsquo;UNESCO<\/p>\n        <\/div>\n    \n    \n    <\/div>\n            <\/div>\n                    <div class=\"cards__col col-color-violet content-title-color-yellow content-card-color-lightyellow\">\n                <div class=\"g-card\">\n    \n    \n            <div class=\"g-card__content\">\n            <p>\u00ab\u00a0nous nous engageons \u00e0 limiter les dommages caus\u00e9s par l&rsquo;activit\u00e9 humaine dans les Alpes avec le projet Summit Foundation, qui comprend des actions de r\u00e9g\u00e9n\u00e9ration des sols et de collecte des d\u00e9chets \u00e0 haute altitude<\/p>\n        <\/div>\n    \n    \n    <\/div>\n            <\/div>\n            <\/div>\n<\/div>\n\n\n<div class=\"images-slider images-slider-bg-yellow\">\n    <div class=\"images-slider-container\">\n        \n        <div class=\"images-slider__row\">\n                            <div class=\"images-slider__single\" aria-hidden=\"false\">\n                    <div class=\"images-slider__single-contents\">\n                        <img data-flickity-lazyload=\"https:\/\/www.vaia.eu\/wp-content\/uploads\/2022\/11\/665x755_focus.jpg\" class=\"skip-lazy\" alt=\"slider image\" width=\"400\" height=\"600\" \/>\n                                                    <span class=\"thetitle thetitle--color-lightyellow\">SE FOCALISER SUR L&rsquo;ESSENTIEL<\/span>\n                                                                            <a class=\"button\" href=\"https:\/\/www.vaia.eu\/fr\/prodotto\/vaia-focus\/\" title=\"DECOUVRE VAIA FOCUS\">DECOUVRE VAIA FOCUS<\/a>\n                                            <\/div>\n\n                <\/div>\n            \n        <\/div>\n        <span class=\"image-slider-symbol symbol-darkgreen\">\/\/<\/span>\n    <\/div>\n\n<\/div>\n","protected":false},"excerpt":{"rendered":"<p>Scholars and activists for the mountains and the climate.<\/p>\n","protected":false},"author":1,"featured_media":27906,"template":"","meta":{"_acf_changed":false,"_crdt_document":"","content-type":"","footnotes":""},"class_list":["post-27905","project","type-project","status-publish","has-post-thumbnail","hentry","tipologia-tematici"],"acf":[],"yoast_head":"<!-- This site is optimized with the Yoast SEO plugin v27.4 - https:\/\/yoast.com\/product\/yoast-seo-wordpress\/ -->\n<title>Glaciers | VAIA<\/title>\n<meta name=\"robots\" content=\"index, follow, max-snippet:-1, max-image-preview:large, max-video-preview:-1\" \/>\n<link rel=\"canonical\" href=\"https:\/\/www.vaia.eu\/fr\/project\/glaciers\/\" \/>\n<meta property=\"og:locale\" content=\"fr_FR\" \/>\n<meta property=\"og:type\" content=\"article\" \/>\n<meta property=\"og:title\" content=\"Glaciers | VAIA\" \/>\n<meta property=\"og:description\" content=\"Scholars and activists for the mountains and the climate.\" \/>\n<meta property=\"og:url\" content=\"https:\/\/www.vaia.eu\/fr\/project\/glaciers\/\" \/>\n<meta property=\"og:site_name\" content=\"VAIA\" \/>\n<meta property=\"article:publisher\" content=\"https:\/\/www.facebook.com\/therealvaia\/\" \/>\n<meta property=\"article:modified_time\" content=\"2025-02-07T11:42:39+00:00\" \/>\n<meta property=\"og:image\" content=\"https:\/\/www.vaia.eu\/wp-content\/uploads\/2022\/11\/665x755_PROGETTI-Ghiacciai.jpg\" \/>\n\t<meta property=\"og:image:width\" content=\"665\" \/>\n\t<meta property=\"og:image:height\" content=\"755\" \/>\n\t<meta property=\"og:image:type\" content=\"image\/jpeg\" \/>\n<meta name=\"twitter:card\" content=\"summary_large_image\" \/>\n<meta name=\"twitter:label1\" content=\"Dur\u00e9e de lecture estim\u00e9e\" \/>\n\t<meta name=\"twitter:data1\" content=\"1 minute\" \/>\n<script type=\"application\/ld+json\" class=\"yoast-schema-graph\">{\"@context\":\"https:\\\/\\\/schema.org\",\"@graph\":[{\"@type\":\"WebPage\",\"@id\":\"https:\\\/\\\/www.vaia.eu\\\/fr\\\/project\\\/glaciers\\\/\",\"url\":\"https:\\\/\\\/www.vaia.eu\\\/fr\\\/project\\\/glaciers\\\/\",\"name\":\"Glaciers | VAIA\",\"isPartOf\":{\"@id\":\"https:\\\/\\\/www.vaia.eu\\\/#website\"},\"primaryImageOfPage\":{\"@id\":\"https:\\\/\\\/www.vaia.eu\\\/fr\\\/project\\\/glaciers\\\/#primaryimage\"},\"image\":{\"@id\":\"https:\\\/\\\/www.vaia.eu\\\/fr\\\/project\\\/glaciers\\\/#primaryimage\"},\"thumbnailUrl\":\"https:\\\/\\\/www.vaia.eu\\\/wp-content\\\/uploads\\\/2022\\\/11\\\/665x755_PROGETTI-Ghiacciai.jpg\",\"datePublished\":\"2022-11-23T13:49:35+00:00\",\"dateModified\":\"2025-02-07T11:42:39+00:00\",\"breadcrumb\":{\"@id\":\"https:\\\/\\\/www.vaia.eu\\\/fr\\\/project\\\/glaciers\\\/#breadcrumb\"},\"inLanguage\":\"fr-FR\",\"potentialAction\":[{\"@type\":\"ReadAction\",\"target\":[\"https:\\\/\\\/www.vaia.eu\\\/fr\\\/project\\\/glaciers\\\/\"]}]},{\"@type\":\"ImageObject\",\"inLanguage\":\"fr-FR\",\"@id\":\"https:\\\/\\\/www.vaia.eu\\\/fr\\\/project\\\/glaciers\\\/#primaryimage\",\"url\":\"https:\\\/\\\/www.vaia.eu\\\/wp-content\\\/uploads\\\/2022\\\/11\\\/665x755_PROGETTI-Ghiacciai.jpg\",\"contentUrl\":\"https:\\\/\\\/www.vaia.eu\\\/wp-content\\\/uploads\\\/2022\\\/11\\\/665x755_PROGETTI-Ghiacciai.jpg\",\"width\":665,\"height\":755},{\"@type\":\"BreadcrumbList\",\"@id\":\"https:\\\/\\\/www.vaia.eu\\\/fr\\\/project\\\/glaciers\\\/#breadcrumb\",\"itemListElement\":[{\"@type\":\"ListItem\",\"position\":1,\"name\":\"Home\",\"item\":\"https:\\\/\\\/www.vaia.eu\\\/fr\\\/\"},{\"@type\":\"ListItem\",\"position\":2,\"name\":\"Glaciers\"}]},{\"@type\":\"WebSite\",\"@id\":\"https:\\\/\\\/www.vaia.eu\\\/#website\",\"url\":\"https:\\\/\\\/www.vaia.eu\\\/\",\"name\":\"VAIA - Face what matters\",\"description\":\"Face What Matters\",\"publisher\":{\"@id\":\"https:\\\/\\\/www.vaia.eu\\\/#organization\"},\"potentialAction\":[{\"@type\":\"SearchAction\",\"target\":{\"@type\":\"EntryPoint\",\"urlTemplate\":\"https:\\\/\\\/www.vaia.eu\\\/?s={search_term_string}\"},\"query-input\":{\"@type\":\"PropertyValueSpecification\",\"valueRequired\":true,\"valueName\":\"search_term_string\"}}],\"inLanguage\":\"fr-FR\"},{\"@type\":\"Organization\",\"@id\":\"https:\\\/\\\/www.vaia.eu\\\/#organization\",\"name\":\"VAIA\",\"url\":\"https:\\\/\\\/www.vaia.eu\\\/\",\"logo\":{\"@type\":\"ImageObject\",\"inLanguage\":\"fr-FR\",\"@id\":\"https:\\\/\\\/www.vaia.eu\\\/#\\\/schema\\\/logo\\\/image\\\/\",\"url\":\"https:\\\/\\\/www.vaia.eu\\\/wp-content\\\/uploads\\\/2023\\\/12\\\/logo-vaia.svg\",\"contentUrl\":\"https:\\\/\\\/www.vaia.eu\\\/wp-content\\\/uploads\\\/2023\\\/12\\\/logo-vaia.svg\",\"width\":1000,\"height\":1000,\"caption\":\"VAIA\"},\"image\":{\"@id\":\"https:\\\/\\\/www.vaia.eu\\\/#\\\/schema\\\/logo\\\/image\\\/\"},\"sameAs\":[\"https:\\\/\\\/www.facebook.com\\\/therealvaia\\\/\",\"https:\\\/\\\/www.instagram.com\\\/therealvaia\\\/\",\"https:\\\/\\\/www.linkedin.com\\\/company\\\/vaiasrl\\\/\",\"https:\\\/\\\/www.youtube.com\\\/channel\\\/UCPtTJEh97yiEMm-vE_Ux3Aw\"]}]}<\/script>\n<!-- \/ Yoast SEO plugin. -->","yoast_head_json":{"title":"Glaciers | VAIA","robots":{"index":"index","follow":"follow","max-snippet":"max-snippet:-1","max-image-preview":"max-image-preview:large","max-video-preview":"max-video-preview:-1"},"canonical":"https:\/\/www.vaia.eu\/fr\/project\/glaciers\/","og_locale":"fr_FR","og_type":"article","og_title":"Glaciers | VAIA","og_description":"Scholars and activists for the mountains and the climate.","og_url":"https:\/\/www.vaia.eu\/fr\/project\/glaciers\/","og_site_name":"VAIA","article_publisher":"https:\/\/www.facebook.com\/therealvaia\/","article_modified_time":"2025-02-07T11:42:39+00:00","og_image":[{"width":665,"height":755,"url":"https:\/\/www.vaia.eu\/wp-content\/uploads\/2022\/11\/665x755_PROGETTI-Ghiacciai.jpg","type":"image\/jpeg"}],"twitter_card":"summary_large_image","twitter_misc":{"Dur\u00e9e de lecture estim\u00e9e":"1 minute"},"schema":{"@context":"https:\/\/schema.org","@graph":[{"@type":"WebPage","@id":"https:\/\/www.vaia.eu\/fr\/project\/glaciers\/","url":"https:\/\/www.vaia.eu\/fr\/project\/glaciers\/","name":"Glaciers | VAIA","isPartOf":{"@id":"https:\/\/www.vaia.eu\/#website"},"primaryImageOfPage":{"@id":"https:\/\/www.vaia.eu\/fr\/project\/glaciers\/#primaryimage"},"image":{"@id":"https:\/\/www.vaia.eu\/fr\/project\/glaciers\/#primaryimage"},"thumbnailUrl":"https:\/\/www.vaia.eu\/wp-content\/uploads\/2022\/11\/665x755_PROGETTI-Ghiacciai.jpg","datePublished":"2022-11-23T13:49:35+00:00","dateModified":"2025-02-07T11:42:39+00:00","breadcrumb":{"@id":"https:\/\/www.vaia.eu\/fr\/project\/glaciers\/#breadcrumb"},"inLanguage":"fr-FR","potentialAction":[{"@type":"ReadAction","target":["https:\/\/www.vaia.eu\/fr\/project\/glaciers\/"]}]},{"@type":"ImageObject","inLanguage":"fr-FR","@id":"https:\/\/www.vaia.eu\/fr\/project\/glaciers\/#primaryimage","url":"https:\/\/www.vaia.eu\/wp-content\/uploads\/2022\/11\/665x755_PROGETTI-Ghiacciai.jpg","contentUrl":"https:\/\/www.vaia.eu\/wp-content\/uploads\/2022\/11\/665x755_PROGETTI-Ghiacciai.jpg","width":665,"height":755},{"@type":"BreadcrumbList","@id":"https:\/\/www.vaia.eu\/fr\/project\/glaciers\/#breadcrumb","itemListElement":[{"@type":"ListItem","position":1,"name":"Home","item":"https:\/\/www.vaia.eu\/fr\/"},{"@type":"ListItem","position":2,"name":"Glaciers"}]},{"@type":"WebSite","@id":"https:\/\/www.vaia.eu\/#website","url":"https:\/\/www.vaia.eu\/","name":"VAIA - Face what matters","description":"Face What Matters","publisher":{"@id":"https:\/\/www.vaia.eu\/#organization"},"potentialAction":[{"@type":"SearchAction","target":{"@type":"EntryPoint","urlTemplate":"https:\/\/www.vaia.eu\/?s={search_term_string}"},"query-input":{"@type":"PropertyValueSpecification","valueRequired":true,"valueName":"search_term_string"}}],"inLanguage":"fr-FR"},{"@type":"Organization","@id":"https:\/\/www.vaia.eu\/#organization","name":"VAIA","url":"https:\/\/www.vaia.eu\/","logo":{"@type":"ImageObject","inLanguage":"fr-FR","@id":"https:\/\/www.vaia.eu\/#\/schema\/logo\/image\/","url":"https:\/\/www.vaia.eu\/wp-content\/uploads\/2023\/12\/logo-vaia.svg","contentUrl":"https:\/\/www.vaia.eu\/wp-content\/uploads\/2023\/12\/logo-vaia.svg","width":1000,"height":1000,"caption":"VAIA"},"image":{"@id":"https:\/\/www.vaia.eu\/#\/schema\/logo\/image\/"},"sameAs":["https:\/\/www.facebook.com\/therealvaia\/","https:\/\/www.instagram.com\/therealvaia\/","https:\/\/www.linkedin.com\/company\/vaiasrl\/","https:\/\/www.youtube.com\/channel\/UCPtTJEh97yiEMm-vE_Ux3Aw"]}]}},"_links":{"self":[{"href":"https:\/\/www.vaia.eu\/fr\/wp-json\/wp\/v2\/project\/27905","targetHints":{"allow":["GET"]}}],"collection":[{"href":"https:\/\/www.vaia.eu\/fr\/wp-json\/wp\/v2\/project"}],"about":[{"href":"https:\/\/www.vaia.eu\/fr\/wp-json\/wp\/v2\/types\/project"}],"author":[{"embeddable":true,"href":"https:\/\/www.vaia.eu\/fr\/wp-json\/wp\/v2\/users\/1"}],"version-history":[{"count":0,"href":"https:\/\/www.vaia.eu\/fr\/wp-json\/wp\/v2\/project\/27905\/revisions"}],"wp:featuredmedia":[{"embeddable":true,"href":"https:\/\/www.vaia.eu\/fr\/wp-json\/wp\/v2\/media\/27906"}],"wp:attachment":[{"href":"https:\/\/www.vaia.eu\/fr\/wp-json\/wp\/v2\/media?parent=27905"}],"curies":[{"name":"wp","href":"https:\/\/api.w.org\/{rel}","templated":true}]}}